{"id":2938,"date":"2025-11-03T12:27:23","date_gmt":"2025-11-03T12:27:23","guid":{"rendered":"https:\/\/concomitentes.org\/?post_type=participante&#038;p=2938"},"modified":"2025-11-03T12:27:24","modified_gmt":"2025-11-03T12:27:24","slug":"llorian-garcia-florez","status":"publish","type":"participante","link":"https:\/\/concomitentes.org\/en\/protagonistas\/llorian-garcia-florez\/","title":{"rendered":"Llori\u00e1n Garc\u00eda Fl\u00f3rez"},"content":{"rendered":"<p>Llori\u00e1n Garc\u00eda Fl\u00f3rez is an anthropologist of listening, community connector and <em>gaiteru<\/em>. It combines conventional academic research with the conjuring of the powers that be. <em>in<\/em>disciplinary fields opened up by artistic research. His work, always ex-Asturianist, deals with the <a href=\"https:\/\/www.tandfonline.com\/doi\/full\/10.1080\/03007766.2020.1730652\">music and alternative ruralities<\/a>, the reactivation of the <a href=\"https:\/\/digibuo.uniovi.es\/dspace\/handle\/10651\/77231\">participatory traditional dance<\/a>, the experimental nature of the <a href=\"https:\/\/digital.csic.es\/handle\/10261\/338209\">pipe accompaniment<\/a>, the gaiapolitik of the <a href=\"https:\/\/concomitentes.org\/en\/research\/ecological-partnerships\/\"><em>cucho<\/em><\/a><em> <\/em>(manure), and the <a href=\"https:\/\/revistas.ucm.es\/index.php\/ESLG\/article\/download\/99167\/4564456573902\/4564456759773\">queer auralities<\/a>. In 2024 he co-curated together with the Asturian artist Ricardo Villoria the exhibition <a href=\"https:\/\/laboralcentrodearte.org\/es\/exposiciones\/rodrigo-cuevas\/\"><em>Rodrigo Cuevas: the grace of folkloric agitation<\/em><\/a>(LABoral: Centro de Arte y Creaci\u00f3n Industrial). Currently, he works as a substitute professor at the University of Uvi\u00e9u, and curates the public programme of Contemporary Thought of Uvi\u00e9u's candidacy for the <a href=\"https:\/\/oviedo2031.eu\/oviedo-2031\/\">European Capital of Culture<\/a> of Culture.\u00a0<br><\/p>","protected":false},"featured_media":0,"template":"","meta":{"_acf_changed":true},"perfil":[8],"class_list":["post-2938","participante","type-participante","status-publish","hentry","perfil-mediador"],"acf":[],"yoast_head":"<!-- This site is optimized with the Yoast SEO plugin v27.5 - https:\/\/yoast.com\/product\/yoast-seo-wordpress\/ -->\n<title>Llori\u00e1n Garc\u00eda Fl\u00f3rez - Concomitentes<\/title>\n<meta name=\"robots\" content=\"index, follow, max-snippet:-1, max-image-preview:large, max-video-preview:-1\" \/>\n<link rel=\"canonical\" href=\"https:\/\/concomitentes.org\/en\/protagonists\/llorian-garcia-florez\/\" \/>\n<meta property=\"og:locale\" content=\"en_GB\" \/>\n<meta property=\"og:type\" content=\"article\" \/>\n<meta property=\"og:title\" content=\"Llori\u00e1n Garc\u00eda Fl\u00f3rez - Concomitentes\" \/>\n<meta property=\"og:description\" content=\"Llori\u00e1n Garc\u00eda Fl\u00f3rez es antrop\u00f3logo de la escucha, conector comunitario y gaiteru. Combina la investigaci\u00f3n acad\u00e9mica convencional con la conjura de las potencias indisciplinarias que abre la investigaci\u00f3n art\u00edstica. Su [&hellip;]\" \/>\n<meta property=\"og:url\" content=\"https:\/\/concomitentes.org\/en\/protagonists\/llorian-garcia-florez\/\" \/>\n<meta property=\"og:site_name\" content=\"Concomitentes\" \/>\n<meta property=\"article:modified_time\" content=\"2025-11-03T12:27:24+00:00\" \/>\n<meta name=\"twitter:card\" content=\"summary_large_image\" \/>\n<meta name=\"twitter:label1\" content=\"Estimated reading time\" \/>\n\t<meta name=\"twitter:data1\" content=\"1 minute\" \/>\n<script type=\"application\/ld+json\" class=\"yoast-schema-graph\">{\"@context\":\"https:\\\/\\\/schema.org\",\"@graph\":[{\"@type\":\"WebPage\",\"@id\":\"https:\\\/\\\/concomitentes.org\\\/protagonistas\\\/llorian-garcia-florez\\\/\",\"url\":\"https:\\\/\\\/concomitentes.org\\\/protagonistas\\\/llorian-garcia-florez\\\/\",\"name\":\"Llori\u00e1n Garc\u00eda Fl\u00f3rez - Concomitentes\",\"isPartOf\":{\"@id\":\"https:\\\/\\\/concomitentes.org\\\/en\\\/#website\"},\"datePublished\":\"2025-11-03T12:27:23+00:00\",\"dateModified\":\"2025-11-03T12:27:24+00:00\",\"breadcrumb\":{\"@id\":\"https:\\\/\\\/concomitentes.org\\\/protagonistas\\\/llorian-garcia-florez\\\/#breadcrumb\"},\"inLanguage\":\"en-GB\",\"potentialAction\":[{\"@type\":\"ReadAction\",\"target\":[\"https:\\\/\\\/concomitentes.org\\\/protagonistas\\\/llorian-garcia-florez\\\/\"]}]},{\"@type\":\"BreadcrumbList\",\"@id\":\"https:\\\/\\\/concomitentes.org\\\/protagonistas\\\/llorian-garcia-florez\\\/#breadcrumb\",\"itemListElement\":[{\"@type\":\"ListItem\",\"position\":1,\"name\":\"Portada\",\"item\":\"https:\\\/\\\/concomitentes.org\\\/\"},{\"@type\":\"ListItem\",\"position\":2,\"name\":\"Protagonistas\",\"item\":\"https:\\\/\\\/concomitentes.org\\\/en\\\/participantes\\\/\"},{\"@type\":\"ListItem\",\"position\":3,\"name\":\"Llori\u00e1n Garc\u00eda Fl\u00f3rez\"}]},{\"@type\":\"WebSite\",\"@id\":\"https:\\\/\\\/concomitentes.org\\\/en\\\/#website\",\"url\":\"https:\\\/\\\/concomitentes.org\\\/en\\\/\",\"name\":\"Concomitentes\",\"description\":\"Concomitentes promueve la creaci\u00f3n de obras de arte y media entre la sociedad civil que las encarga y los\\\/las artistas que las producen.\",\"potentialAction\":[{\"@type\":\"SearchAction\",\"target\":{\"@type\":\"EntryPoint\",\"urlTemplate\":\"https:\\\/\\\/concomitentes.org\\\/en\\\/?s={search_term_string}\"},\"query-input\":{\"@type\":\"PropertyValueSpecification\",\"valueRequired\":true,\"valueName\":\"search_term_string\"}}],\"inLanguage\":\"en-GB\"}]}<\/script>\n<!-- \/ Yoast SEO plugin. -->","yoast_head_json":{"title":"Llori\u00e1n Garc\u00eda Fl\u00f3rez - Concomitants","robots":{"index":"index","follow":"follow","max-snippet":"max-snippet:-1","max-image-preview":"max-image-preview:large","max-video-preview":"max-video-preview:-1"},"canonical":"https:\/\/concomitentes.org\/en\/protagonists\/llorian-garcia-florez\/","og_locale":"en_GB","og_type":"article","og_title":"Llori\u00e1n Garc\u00eda Fl\u00f3rez - Concomitentes","og_description":"Llori\u00e1n Garc\u00eda Fl\u00f3rez es antrop\u00f3logo de la escucha, conector comunitario y gaiteru. Combina la investigaci\u00f3n acad\u00e9mica convencional con la conjura de las potencias indisciplinarias que abre la investigaci\u00f3n art\u00edstica. Su [&hellip;]","og_url":"https:\/\/concomitentes.org\/en\/protagonists\/llorian-garcia-florez\/","og_site_name":"Concomitentes","article_modified_time":"2025-11-03T12:27:24+00:00","twitter_card":"summary_large_image","twitter_misc":{"Estimated reading time":"1 minute"},"schema":{"@context":"https:\/\/schema.org","@graph":[{"@type":"WebPage","@id":"https:\/\/concomitentes.org\/protagonistas\/llorian-garcia-florez\/","url":"https:\/\/concomitentes.org\/protagonistas\/llorian-garcia-florez\/","name":"Llori\u00e1n Garc\u00eda Fl\u00f3rez - Concomitants","isPartOf":{"@id":"https:\/\/concomitentes.org\/en\/#website"},"datePublished":"2025-11-03T12:27:23+00:00","dateModified":"2025-11-03T12:27:24+00:00","breadcrumb":{"@id":"https:\/\/concomitentes.org\/protagonistas\/llorian-garcia-florez\/#breadcrumb"},"inLanguage":"en-GB","potentialAction":[{"@type":"ReadAction","target":["https:\/\/concomitentes.org\/protagonistas\/llorian-garcia-florez\/"]}]},{"@type":"BreadcrumbList","@id":"https:\/\/concomitentes.org\/protagonistas\/llorian-garcia-florez\/#breadcrumb","itemListElement":[{"@type":"ListItem","position":1,"name":"Portada","item":"https:\/\/concomitentes.org\/"},{"@type":"ListItem","position":2,"name":"Protagonistas","item":"https:\/\/concomitentes.org\/en\/participantes\/"},{"@type":"ListItem","position":3,"name":"Llori\u00e1n Garc\u00eda Fl\u00f3rez"}]},{"@type":"WebSite","@id":"https:\/\/concomitentes.org\/en\/#website","url":"https:\/\/concomitentes.org\/en\/","name":"Concomitentes","description":"Concomitentes promotes the creation of works of art and mediates between the civil society that commissions them and the artists who produce them.","potentialAction":[{"@type":"SearchAction","target":{"@type":"EntryPoint","urlTemplate":"https:\/\/concomitentes.org\/en\/?s={search_term_string}"},"query-input":{"@type":"PropertyValueSpecification","valueRequired":true,"valueName":"search_term_string"}}],"inLanguage":"en-GB"}]}},"_links":{"self":[{"href":"https:\/\/concomitentes.org\/en\/wp-json\/wp\/v2\/participante\/2938","targetHints":{"allow":["GET"]}}],"collection":[{"href":"https:\/\/concomitentes.org\/en\/wp-json\/wp\/v2\/participante"}],"about":[{"href":"https:\/\/concomitentes.org\/en\/wp-json\/wp\/v2\/types\/participante"}],"wp:attachment":[{"href":"https:\/\/concomitentes.org\/en\/wp-json\/wp\/v2\/media?parent=2938"}],"wp:term":[{"taxonomy":"perfil","embeddable":true,"href":"https:\/\/concomitentes.org\/en\/wp-json\/wp\/v2\/perfil?post=2938"}],"curies":[{"name":"wp","href":"https:\/\/api.w.org\/{rel}","templated":true}]}}