{"id":1632,"date":"2025-07-08T16:38:22","date_gmt":"2025-07-08T16:38:22","guid":{"rendered":"http:\/\/concomitentes.vl22350.dinaserver.com\/?page_id=1632"},"modified":"2025-07-08T16:40:08","modified_gmt":"2025-07-08T16:40:08","slug":"map","status":"publish","type":"page","link":"https:\/\/concomitentes.org\/en\/mapa\/","title":{"rendered":"Map"},"content":{"rendered":"  \r\n\r\n\r\n<link rel=\"stylesheet\" href=\"https:\/\/unpkg.com\/leaflet@1.3.4\/dist\/leaflet.css\" integrity=\"sha512-puBpdR0798OZvTTbP4A8Ix\/l+A4dHDD0DGqYW6RQ+9jxkRFclaxxQb\/SJAWZfWAkuyeQUytO7+7N4QKrDh+drA==\" crossorigin=\"\"\/>\r\n<script src=\"https:\/\/unpkg.com\/leaflet@1.3.4\/dist\/leaflet.js\" integrity=\"sha512-nMMmRyTVoLYqjP9hrbed9S+FzjZHW5gY1TWCHA5ckwXZBadntCNs8kEqAWdrb9O7rxbCaA4lKTIWjDXZxflOcA==\" crossorigin=\"\"><\/script>\r\n<link rel=\"stylesheet\" href=\"https:\/\/unpkg.com\/leaflet.markercluster@1.4.1\/dist\/MarkerCluster.css\" \/>\r\n<script src=\"https:\/\/unpkg.com\/leaflet.markercluster@1.4.1\/dist\/leaflet.markercluster.js\"><\/script>\r\n\r\n\r\n<section class=\"bloque-personalizado bloque-mapa \" >\r\n\t\t\t<div id=\"map_canvas\" class=\"section  mapahome\">\r\n\t\t\t\t\t<div  class=\"map_title\" >\r\n\t\t\t\t\t\t<p class=\"p\"><\/p>\r\n\r\n\t\t\t\t\t<\/div>\r\n\r\n\t\t\t\t\t<div id=\"textficha\">\r\n\t\t\t\t\t<figure><\/figure>\r\n\t\t\t\t\t<span class=\"botcerrarficha cicon arrowrightwhite\">\r\n\t\t\t\t\t\t<img decoding=\"async\" src=\"https:\/\/concomitentes.org\/wp-content\/themes\/concomitentes\/img\/flecha-blanca.png\" \/>\r\n\r\n\t\t\t\t\t<\/span>\r\n\t\t\t\t\t<div id=\"innertextficha\">\r\n\t\t\t\t\t\r\n\t\t\t\t\t<h2 class=\"title\"  ><\/h2>\r\n\t\t\t\t\t<p class=\"address \"><\/p>\r\n\t\t\t\t\t<p class=\"description \"><\/p>\r\n\t\t\t\t\t<a class=\"button btn btn-3\"><\/a>\r\n\t\t\t\t\t<p class=\"category\"><\/p>\r\n\t\t\t\t\t<\/div>\r\n\t\t\t\t<\/div>\r\n\t\t\t<\/div>\r\n<\/section>\r\n\r\n\r\n<script>\r\nvar ultimoMarker;\r\nanimacionIn=\"animate__slideInRight\";\r\nanimacionOut=\"animate__slideOutRight\";\r\n\r\n\/\/Para cluster\r\n\/\/var markers = L.markerClusterGroup({\tshowCoverageOnHover: false,\tdisableClusteringAtZoom:12,\tspiderfyOnMaxZoom :false,\tchunkedLoading: true,});\r\n\/\/ IMPORTANT (funciona getbounds porque usamos featureGroup en vez de layerGroup, tiene mas extras)\r\nvar markersCONCOM= L.featureGroup();\r\n\r\n\r\nvar mymap = L.map('map_canvas').setView([40.2877169,-4.014299], 6);\r\n\r\nmymap.scrollWheelZoom.disable();\r\nmymap.on('focus', () => {  mymap.scrollWheelZoom.enable(); });\r\nmymap.on('blur', () => {  mymap.scrollWheelZoom.disable(); });\r\nvar exIconART = L.divIcon({\r\n\thtml: '<div class=\"iconwrapper\"><img decoding=\"async\" src=\"https:\/\/concomitentes.org\/wp-content\/themes\/concomitentes\/img\/mapicon.png\" \/><\/div>',\r\n\ticonSize:     [25, 50], \/\/ size of the icon\r\n\ticonAnchor:   [25, 50], \/\/ point of the icon which will correspond to marker's location\r\n\tpopupAnchor:  [-3, -3], \/\/ point from which the popup should open relative to the iconAnchor\r\n  className: 'leaflet-div-icon iconprog',\r\n});\r\n\r\n\r\n\r\nL.tileLayer('https:\/\/api.mapbox.com\/styles\/v1\/{id}\/tiles\/{z}\/{x}\/{y}?access_token={accessToken}', {\r\nattribution: '\u00a9 <a href=\"https:\/\/www.mapbox.com\/about\/maps\/\">Mapbox<\/a> \u00a9 <a href=\"http:\/\/www.openstreetmap.org\/copyright\">OpenStreetMap<\/a> <strong><a href=\"https:\/\/www.mapbox.com\/map-feedback\/\" target=\"_blank\">Improve this map<\/a><\/strong>',\r\ntileSize: 512,\r\nmaxZoom: 19,\r\nzoomOffset: -1,\r\n\/\/id: 'mapbox\/streets-v11',\r\n\/\/accessToken: 'pk.eyJ1IjoibWFwYm94IiwiYSI6ImNpejY4NXVycTA2emYycXBndHRqcmZ3N3gifQ.rJcFIG214AriISLbB6B5aw'\r\n\/\/Para tuam\r\n\/\/id: 'jruedagmail\/cknytpahc49ex17oa3feo2kqz',\r\nid: 'jruedagmail\/cloe3wian001a01pi864dg92n',\r\naccessToken: 'pk.eyJ1IjoianJ1ZWRhZ21haWwiLCJhIjoiY2trODJnZWd4MDRscTJ2czk3cjdjcDl4cyJ9.BcIUsknUuapJGLqh6ck2ig'\r\n}).addTo(mymap);\r\n\r\n\t\t\tvar pathFillColor = \"#fa7832\";\r\n\t\t\tvar marker_2 = L.marker([43.29883762786896,-5.500459326065674], {icon: L.divIcon({\r\n\t\t\t\thtml: `\r\n          <svg xmlns=\"http:\/\/www.w3.org\/2000\/svg\" width=\"36\" height=\"72\" viewBox=\"0 0 24 24\" fill=\"`+pathFillColor+`\" stroke=\"#000\" stroke-width=\"1.2\" stroke-linecap=\"round\" stroke-linejoin=\"round\" class=\"feather feather-map-pin\">\r\n            <path d=\"M21 10c0 6-9 13-9 13s-9-7-9-13a9 9 0 1 1 18 0z\"><\/path>\r\n            <circle cx=\"12\" cy=\"10\" r=\"3\"><\/circle>\r\n          <\/svg>\r\n\t\t\t\t`,\r\n\t\t\t\ticonSize: [36, 72],\r\n\t\t\t\ticonAnchor: [12.5, 50],\r\n\t\t\t\tpopupAnchor: [0, -50],\r\n\t\t\t\tclassName: 'leaflet-div-icon icon-svg',\r\n\t\t\t})\t\t\t\t, url: \"https:\/\/concomitentes.org\/en\/concomitancias\/reconocer-el-monte\/\", src: \"https:\/\/concomitentes.org\/wp-content\/uploads\/2025\/10\/SalvemosPenamayorPortada-2.jpg\",title: \"[Re]conocer el monte\", color:\"#fa7832\", category:\"concom\",description:\"Cuidar Pe\u00f1amayor dende la memoria del abandonu y los sos usos comunitarios.\",address:\"Pe\u00f1amayor, Asturias\", link_url:\"https:\/\/concomitentes.org\/en\/concomitancias\/reconocer-el-monte\/\", link_title:\"Ver m\u00e1s\", link_target:\"\", }).on('click', onClickMarker);;\r\n\t\t\tmarkersCONCOM.addLayer(marker_2);\r\n\r\n\t\t\t\t\tvar pathFillColor = \"#fa7832\";\r\n\t\t\tvar marker_3 = L.marker([43.3249441,-3.7993255], {icon: L.divIcon({\r\n\t\t\t\thtml: `\r\n          <svg xmlns=\"http:\/\/www.w3.org\/2000\/svg\" width=\"36\" height=\"72\" viewBox=\"0 0 24 24\" fill=\"`+pathFillColor+`\" stroke=\"#000\" stroke-width=\"1.2\" stroke-linecap=\"round\" stroke-linejoin=\"round\" class=\"feather feather-map-pin\">\r\n            <path d=\"M21 10c0 6-9 13-9 13s-9-7-9-13a9 9 0 1 1 18 0z\"><\/path>\r\n            <circle cx=\"12\" cy=\"10\" r=\"3\"><\/circle>\r\n          <\/svg>\r\n\t\t\t\t`,\r\n\t\t\t\ticonSize: [36, 72],\r\n\t\t\t\ticonAnchor: [12.5, 50],\r\n\t\t\t\tpopupAnchor: [0, -50],\r\n\t\t\t\tclassName: 'leaflet-div-icon icon-svg',\r\n\t\t\t})\t\t\t\t, url: \"https:\/\/concomitentes.org\/en\/concomitancias\/llanos\/\", src: \"https:\/\/concomitentes.org\/wp-content\/uploads\/2025\/06\/whatsapp-image-2023-06-30-at-10.56.31.jpeg\",title: \"Aguas vivas\", color:\"#fa7832\", category:\"concom\",description:\"El proyecto concluye con la inauguraci\u00f3n de las Lenguas de Agua, a cargo de Laia Estruch.\",address:\"Llanos de Penagos (Cantabria)\", link_url:\"https:\/\/concomitentes.org\/en\/concomitancias\/llanos\/\", link_title:\"Ver m\u00e1s\", link_target:\"\", }).on('click', onClickMarker);;\r\n\t\t\tmarkersCONCOM.addLayer(marker_3);\r\n\r\n\t\t\t\t\tvar pathFillColor = \"#fa7832\";\r\n\t\t\tvar marker_4 = L.marker([40.44030283527189,-3.730189530353698], {icon: L.divIcon({\r\n\t\t\t\thtml: `\r\n          <svg xmlns=\"http:\/\/www.w3.org\/2000\/svg\" width=\"36\" height=\"72\" viewBox=\"0 0 24 24\" fill=\"`+pathFillColor+`\" stroke=\"#000\" stroke-width=\"1.2\" stroke-linecap=\"round\" stroke-linejoin=\"round\" class=\"feather feather-map-pin\">\r\n            <path d=\"M21 10c0 6-9 13-9 13s-9-7-9-13a9 9 0 1 1 18 0z\"><\/path>\r\n            <circle cx=\"12\" cy=\"10\" r=\"3\"><\/circle>\r\n          <\/svg>\r\n\t\t\t\t`,\r\n\t\t\t\ticonSize: [36, 72],\r\n\t\t\t\ticonAnchor: [12.5, 50],\r\n\t\t\t\tpopupAnchor: [0, -50],\r\n\t\t\t\tclassName: 'leaflet-div-icon icon-svg',\r\n\t\t\t})\t\t\t\t, url: \"https:\/\/concomitentes.org\/en\/concomitancias\/bbaa\/\", src: \"https:\/\/concomitentes.org\/wp-content\/uploads\/2025\/06\/49534661696_06ec98d40c_k.jpg\",title: \"Biblioteca Bellas Artes UCM\", color:\"#fa7832\", category:\"concom\",description:\"\u201cRedescubrir la biblioteca como espacio de seducci\u00f3n y posibilidad\u201d\",address:\"Madrid (Comunidad de Madrid)\", link_url:\"https:\/\/concomitentes.org\/en\/concomitancias\/bbaa\/\", link_title:\"Ver m\u00e1s\", link_target:\"\", }).on('click', onClickMarker);;\r\n\t\t\tmarkersCONCOM.addLayer(marker_4);\r\n\r\n\t\t\t\t\tvar pathFillColor = \"#fa7832\";\r\n\t\t\tvar marker_5 = L.marker([39.171074,-0.409201], {icon: L.divIcon({\r\n\t\t\t\thtml: `\r\n          <svg xmlns=\"http:\/\/www.w3.org\/2000\/svg\" width=\"36\" height=\"72\" viewBox=\"0 0 24 24\" fill=\"`+pathFillColor+`\" stroke=\"#000\" stroke-width=\"1.2\" stroke-linecap=\"round\" stroke-linejoin=\"round\" class=\"feather feather-map-pin\">\r\n            <path d=\"M21 10c0 6-9 13-9 13s-9-7-9-13a9 9 0 1 1 18 0z\"><\/path>\r\n            <circle cx=\"12\" cy=\"10\" r=\"3\"><\/circle>\r\n          <\/svg>\r\n\t\t\t\t`,\r\n\t\t\t\ticonSize: [36, 72],\r\n\t\t\t\ticonAnchor: [12.5, 50],\r\n\t\t\t\tpopupAnchor: [0, -50],\r\n\t\t\t\tclassName: 'leaflet-div-icon icon-svg',\r\n\t\t\t})\t\t\t\t, url: \"https:\/\/concomitentes.org\/en\/concomitancias\/connexions-metaboliques\/\", src: \"https:\/\/concomitentes.org\/wp-content\/uploads\/2025\/09\/Horta-2023-1-peque-1.jpg\",title: \"Connexions Metab\u00f2liques\", color:\"#fa7832\", category:\"concom\",description:\"\\\"Proteger y reparar el territorio de l\u2019Horta de Valencia frente a los efectos del cambio clim\u00e1tico desde la soberan\u00eda alimentaria y la participaci\u00f3n ciudadana\\\"\",address:\"L\\'Horta de Valencia\", link_url:\"https:\/\/concomitentes.org\/en\/concomitancias\/connexions-metaboliques\/\", link_title:\"Ver m\u00e1s\", link_target:\"\", }).on('click', onClickMarker);;\r\n\t\t\tmarkersCONCOM.addLayer(marker_5);\r\n\r\n\t\t\t\t\tvar pathFillColor = \"#fa7832\";\r\n\t\t\tvar marker_6 = L.marker([41.3825802,2.177073], {icon: L.divIcon({\r\n\t\t\t\thtml: `\r\n          <svg xmlns=\"http:\/\/www.w3.org\/2000\/svg\" width=\"36\" height=\"72\" viewBox=\"0 0 24 24\" fill=\"`+pathFillColor+`\" stroke=\"#000\" stroke-width=\"1.2\" stroke-linecap=\"round\" stroke-linejoin=\"round\" class=\"feather feather-map-pin\">\r\n            <path d=\"M21 10c0 6-9 13-9 13s-9-7-9-13a9 9 0 1 1 18 0z\"><\/path>\r\n            <circle cx=\"12\" cy=\"10\" r=\"3\"><\/circle>\r\n          <\/svg>\r\n\t\t\t\t`,\r\n\t\t\t\ticonSize: [36, 72],\r\n\t\t\t\ticonAnchor: [12.5, 50],\r\n\t\t\t\tpopupAnchor: [0, -50],\r\n\t\t\t\tclassName: 'leaflet-div-icon icon-svg',\r\n\t\t\t})\t\t\t\t, url: \"https:\/\/concomitentes.org\/en\/concomitancias\/diversorium\/\", src: \"https:\/\/concomitentes.org\/wp-content\/uploads\/2025\/06\/52406270620_5301a9da15_k.jpg\",title: \"Diversorium\", color:\"#fa7832\", category:\"concom\",description:\"\u201cLograr que la diversidad funcional tenga un espacio de encuentro y fiesta en la sociedad\u201d\",address:\"Barcelona (Catalunya)\", link_url:\"https:\/\/concomitentes.org\/en\/concomitancias\/diversorium\/\", link_title:\"Ver m\u00e1s\", link_target:\"\", }).on('click', onClickMarker);;\r\n\t\t\tmarkersCONCOM.addLayer(marker_6);\r\n\r\n\t\t\t\t\tvar pathFillColor = \"#fa7832\";\r\n\t\t\tvar marker_7 = L.marker([39.4200749,-0.3891355], {icon: L.divIcon({\r\n\t\t\t\thtml: `\r\n          <svg xmlns=\"http:\/\/www.w3.org\/2000\/svg\" width=\"36\" height=\"72\" viewBox=\"0 0 24 24\" fill=\"`+pathFillColor+`\" stroke=\"#000\" stroke-width=\"1.2\" stroke-linecap=\"round\" stroke-linejoin=\"round\" class=\"feather feather-map-pin\">\r\n            <path d=\"M21 10c0 6-9 13-9 13s-9-7-9-13a9 9 0 1 1 18 0z\"><\/path>\r\n            <circle cx=\"12\" cy=\"10\" r=\"3\"><\/circle>\r\n          <\/svg>\r\n\t\t\t\t`,\r\n\t\t\t\ticonSize: [36, 72],\r\n\t\t\t\ticonAnchor: [12.5, 50],\r\n\t\t\t\tpopupAnchor: [0, -50],\r\n\t\t\t\tclassName: 'leaflet-div-icon icon-svg',\r\n\t\t\t})\t\t\t\t, url: \"https:\/\/concomitentes.org\/en\/concomitancias\/estructuras-de-afecto\/\", src: \"https:\/\/concomitentes.org\/wp-content\/uploads\/2025\/06\/goteo-263.jpg\",title: \"Estructuras de afecto\", color:\"#fa7832\", category:\"concom\",description:\"\\\"Pasar de la necesidad al deseo para retomar el espacio p\u00fablico colectivo tras la Dana\\\"\",address:\"Alfafar, Valencia\", link_url:\"https:\/\/concomitentes.org\/en\/concomitancias\/estructuras-de-afecto\/\", link_title:\"Ver m\u00e1s\", link_target:\"\", }).on('click', onClickMarker);;\r\n\t\t\tmarkersCONCOM.addLayer(marker_7);\r\n\r\n\t\t\t\t\tvar pathFillColor = \"#fa7832\";\r\n\t\t\tvar marker_8 = L.marker([42.554215,-9.005321], {icon: L.divIcon({\r\n\t\t\t\thtml: `\r\n          <svg xmlns=\"http:\/\/www.w3.org\/2000\/svg\" width=\"36\" height=\"72\" viewBox=\"0 0 24 24\" fill=\"`+pathFillColor+`\" stroke=\"#000\" stroke-width=\"1.2\" stroke-linecap=\"round\" stroke-linejoin=\"round\" class=\"feather feather-map-pin\">\r\n            <path d=\"M21 10c0 6-9 13-9 13s-9-7-9-13a9 9 0 1 1 18 0z\"><\/path>\r\n            <circle cx=\"12\" cy=\"10\" r=\"3\"><\/circle>\r\n          <\/svg>\r\n\t\t\t\t`,\r\n\t\t\t\ticonSize: [36, 72],\r\n\t\t\t\ticonAnchor: [12.5, 50],\r\n\t\t\t\tpopupAnchor: [0, -50],\r\n\t\t\t\tclassName: 'leaflet-div-icon icon-svg',\r\n\t\t\t})\t\t\t\t, url: \"https:\/\/concomitentes.org\/en\/concomitancias\/interdependencias\/\", src: \"https:\/\/concomitentes.org\/wp-content\/uploads\/2026\/03\/00-scaled.jpg\",title: \"Interdependencias\", color:\"#fa7832\", category:\"concom\",description:\"Contribuir a desinstitucionalizar la vida de las personas con diversidad funcional imaginando otras relaciones con su comunidad.  \",address:\"\", link_url:\"https:\/\/concomitentes.org\/en\/concomitancias\/interdependencias\/\", link_title:\"Ver m\u00e1s\", link_target:\"\", }).on('click', onClickMarker);;\r\n\t\t\tmarkersCONCOM.addLayer(marker_8);\r\n\r\n\t\t\t\t\tvar pathFillColor = \"#fa7832\";\r\n\t\t\tvar marker_9 = L.marker([43.279239,-8.2105792], {icon: L.divIcon({\r\n\t\t\t\thtml: `\r\n          <svg xmlns=\"http:\/\/www.w3.org\/2000\/svg\" width=\"36\" height=\"72\" viewBox=\"0 0 24 24\" fill=\"`+pathFillColor+`\" stroke=\"#000\" stroke-width=\"1.2\" stroke-linecap=\"round\" stroke-linejoin=\"round\" class=\"feather feather-map-pin\">\r\n            <path d=\"M21 10c0 6-9 13-9 13s-9-7-9-13a9 9 0 1 1 18 0z\"><\/path>\r\n            <circle cx=\"12\" cy=\"10\" r=\"3\"><\/circle>\r\n          <\/svg>\r\n\t\t\t\t`,\r\n\t\t\t\ticonSize: [36, 72],\r\n\t\t\t\ticonAnchor: [12.5, 50],\r\n\t\t\t\tpopupAnchor: [0, -50],\r\n\t\t\t\tclassName: 'leaflet-div-icon icon-svg',\r\n\t\t\t})\t\t\t\t, url: \"https:\/\/concomitentes.org\/en\/concomitancias\/legado-cuidado\/\", src: \"https:\/\/concomitentes.org\/wp-content\/uploads\/2025\/06\/53771009284_1381e38698_k.jpg\",title: \"Legado Cuidado\", color:\"#fa7832\", category:\"concom\",description:\"\u201cEste acto de reparaci\u00f3n fue una contribuci\u00f3n ciudadana para el cuidado de un parque tan enigm\u00e1tico como el Pasatiempo\u201d\",address:\"Betanzos (A Coru&ntilde;a, Galicia)\", link_url:\"https:\/\/concomitentes.org\/en\/concomitancias\/legado-cuidado\/\", link_title:\"Ver m\u00e1s\", link_target:\"\", }).on('click', onClickMarker);;\r\n\t\t\tmarkersCONCOM.addLayer(marker_9);\r\n\r\n\t\t\t\t\tvar pathFillColor = \"#fa7832\";\r\n\t\t\tvar marker_10 = L.marker([42.2539,0.789778], {icon: L.divIcon({\r\n\t\t\t\thtml: `\r\n          <svg xmlns=\"http:\/\/www.w3.org\/2000\/svg\" width=\"36\" height=\"72\" viewBox=\"0 0 24 24\" fill=\"`+pathFillColor+`\" stroke=\"#000\" stroke-width=\"1.2\" stroke-linecap=\"round\" stroke-linejoin=\"round\" class=\"feather feather-map-pin\">\r\n            <path d=\"M21 10c0 6-9 13-9 13s-9-7-9-13a9 9 0 1 1 18 0z\"><\/path>\r\n            <circle cx=\"12\" cy=\"10\" r=\"3\"><\/circle>\r\n          <\/svg>\r\n\t\t\t\t`,\r\n\t\t\t\ticonSize: [36, 72],\r\n\t\t\t\ticonAnchor: [12.5, 50],\r\n\t\t\t\tpopupAnchor: [0, -50],\r\n\t\t\t\tclassName: 'leaflet-div-icon icon-svg',\r\n\t\t\t})\t\t\t\t, url: \"https:\/\/concomitentes.org\/en\/concomitancias\/mes-clar-que-laigua\/\", src: \"https:\/\/concomitentes.org\/wp-content\/uploads\/2025\/12\/R1-05625-0025-scaled.jpg\",title: \"M\u00e9s clar que l&#8217;aigua\", color:\"#fa7832\", category:\"concom\",description:\"Explorar noves i velles formes de governan\u00e7a comunit\u00e0ria de l\\'aigua.\",address:\"Sapeira, Lleida\", link_url:\"https:\/\/concomitentes.org\/en\/concomitancias\/mes-clar-que-laigua\/\", link_title:\"Ver m\u00e1s\", link_target:\"\", }).on('click', onClickMarker);;\r\n\t\t\tmarkersCONCOM.addLayer(marker_10);\r\n\r\n\t\t\t\t\tvar pathFillColor = \"#fa7832\";\r\n\t\t\tvar marker_11 = L.marker([42.59236842046,-5.49971759027621], {icon: L.divIcon({\r\n\t\t\t\thtml: `\r\n          <svg xmlns=\"http:\/\/www.w3.org\/2000\/svg\" width=\"36\" height=\"72\" viewBox=\"0 0 24 24\" fill=\"`+pathFillColor+`\" stroke=\"#000\" stroke-width=\"1.2\" stroke-linecap=\"round\" stroke-linejoin=\"round\" class=\"feather feather-map-pin\">\r\n            <path d=\"M21 10c0 6-9 13-9 13s-9-7-9-13a9 9 0 1 1 18 0z\"><\/path>\r\n            <circle cx=\"12\" cy=\"10\" r=\"3\"><\/circle>\r\n          <\/svg>\r\n\t\t\t\t`,\r\n\t\t\t\ticonSize: [36, 72],\r\n\t\t\t\ticonAnchor: [12.5, 50],\r\n\t\t\t\tpopupAnchor: [0, -50],\r\n\t\t\t\tclassName: 'leaflet-div-icon icon-svg',\r\n\t\t\t})\t\t\t\t, url: \"https:\/\/concomitentes.org\/en\/concomitancias\/narrativas-solares\/\", src: \"https:\/\/concomitentes.org\/wp-content\/uploads\/2025\/06\/53317025772_4f7de305c0_k.jpg\",title: \"Narrativas Solares\", color:\"#fa7832\", category:\"concom\",description:\"\u201cActivar un proceso dial\u00f3gico para asegurar una transici\u00f3n ecol\u00f3gica sostenible\u201d\",address:\"Le\u00f3n (Castilla y Le\u00f3n)\", link_url:\"https:\/\/concomitentes.org\/en\/concomitancias\/narrativas-solares\/\", link_title:\"Ver m\u00e1s\", link_target:\"\", }).on('click', onClickMarker);;\r\n\t\t\tmarkersCONCOM.addLayer(marker_11);\r\n\r\n\t\t\t\t\tvar pathFillColor = \"#fa7832\";\r\n\t\t\tvar marker_12 = L.marker([38.46903814697,-6.33694903501], {icon: L.divIcon({\r\n\t\t\t\thtml: `\r\n          <svg xmlns=\"http:\/\/www.w3.org\/2000\/svg\" width=\"36\" height=\"72\" viewBox=\"0 0 24 24\" fill=\"`+pathFillColor+`\" stroke=\"#000\" stroke-width=\"1.2\" stroke-linecap=\"round\" stroke-linejoin=\"round\" class=\"feather feather-map-pin\">\r\n            <path d=\"M21 10c0 6-9 13-9 13s-9-7-9-13a9 9 0 1 1 18 0z\"><\/path>\r\n            <circle cx=\"12\" cy=\"10\" r=\"3\"><\/circle>\r\n          <\/svg>\r\n\t\t\t\t`,\r\n\t\t\t\ticonSize: [36, 72],\r\n\t\t\t\ticonAnchor: [12.5, 50],\r\n\t\t\t\tpopupAnchor: [0, -50],\r\n\t\t\t\tclassName: 'leaflet-div-icon icon-svg',\r\n\t\t\t})\t\t\t\t, url: \"https:\/\/concomitentes.org\/en\/concomitancias\/non-plus-ultra\/\", src: \"https:\/\/concomitentes.org\/wp-content\/uploads\/2025\/06\/53847095546_7978095318_k.jpg\",title: \"Non plus ultra\", color:\"#fa7832\", category:\"concom\",description:\"\u201cEncontrar formas m\u00e1s sanas de vincularse con el suelo, m\u00e1s all\u00e1 de los discursos coloniales y patriarcales\\\"\",address:\"Sur de Badajoz (Extremadura)\", link_url:\"https:\/\/concomitentes.org\/en\/concomitancias\/non-plus-ultra\/\", link_title:\"Ver m\u00e1s\", link_target:\"\", }).on('click', onClickMarker);;\r\n\t\t\tmarkersCONCOM.addLayer(marker_12);\r\n\r\n\t\t\t\t\tvar pathFillColor = \"#fa7832\";\r\n\t\t\tvar marker_13 = L.marker([42.848585,-7.8563159], {icon: L.divIcon({\r\n\t\t\t\thtml: `\r\n          <svg xmlns=\"http:\/\/www.w3.org\/2000\/svg\" width=\"36\" height=\"72\" viewBox=\"0 0 24 24\" fill=\"`+pathFillColor+`\" stroke=\"#000\" stroke-width=\"1.2\" stroke-linecap=\"round\" stroke-linejoin=\"round\" class=\"feather feather-map-pin\">\r\n            <path d=\"M21 10c0 6-9 13-9 13s-9-7-9-13a9 9 0 1 1 18 0z\"><\/path>\r\n            <circle cx=\"12\" cy=\"10\" r=\"3\"><\/circle>\r\n          <\/svg>\r\n\t\t\t\t`,\r\n\t\t\t\ticonSize: [36, 72],\r\n\t\t\t\ticonAnchor: [12.5, 50],\r\n\t\t\t\tpopupAnchor: [0, -50],\r\n\t\t\t\tclassName: 'leaflet-div-icon icon-svg',\r\n\t\t\t})\t\t\t\t, url: \"https:\/\/concomitentes.org\/en\/concomitancias\/os-contos-de-leite\/\", src: \"https:\/\/concomitentes.org\/wp-content\/uploads\/2025\/06\/dsc_7581.jpg\",title: \"Os contos do leite\", color:\"#fa7832\", category:\"concom\",description:\"\\\"Desenredar las naturoculturas vinculadas a la leche y defender el territorio de amenazas extractivistas como Altri\\\"\",address:\"A Ulloa (Lugo, Galicia)\", link_url:\"https:\/\/concomitentes.org\/en\/concomitancias\/os-contos-de-leite\/\", link_title:\"Ver m\u00e1s\", link_target:\"\", }).on('click', onClickMarker);;\r\n\t\t\tmarkersCONCOM.addLayer(marker_13);\r\n\r\n\t\t\t\t\tvar pathFillColor = \"#fa7832\";\r\n\t\t\tvar marker_14 = L.marker([41.379444,2.189167], {icon: L.divIcon({\r\n\t\t\t\thtml: `\r\n          <svg xmlns=\"http:\/\/www.w3.org\/2000\/svg\" width=\"36\" height=\"72\" viewBox=\"0 0 24 24\" fill=\"`+pathFillColor+`\" stroke=\"#000\" stroke-width=\"1.2\" stroke-linecap=\"round\" stroke-linejoin=\"round\" class=\"feather feather-map-pin\">\r\n            <path d=\"M21 10c0 6-9 13-9 13s-9-7-9-13a9 9 0 1 1 18 0z\"><\/path>\r\n            <circle cx=\"12\" cy=\"10\" r=\"3\"><\/circle>\r\n          <\/svg>\r\n\t\t\t\t`,\r\n\t\t\t\ticonSize: [36, 72],\r\n\t\t\t\ticonAnchor: [12.5, 50],\r\n\t\t\t\tpopupAnchor: [0, -50],\r\n\t\t\t\tclassName: 'leaflet-div-icon icon-svg',\r\n\t\t\t})\t\t\t\t, url: \"https:\/\/concomitentes.org\/en\/concomitancias\/parlamento-del-mar\/\", src: \"https:\/\/concomitentes.org\/wp-content\/uploads\/2026\/03\/PDM1eraeleccion-scaled.jpg\",title: \"Parlamento del Mar\", color:\"#fa7832\", category:\"concom\",description:\"Impulsar procesos art\u00edsticos comunitarios que articulen ciencia y ciudadan\u00eda para prototipar nuevas formas de gobernanza ecol\u00f3gica del territorio marino y social de la Barceloneta. \",address:\"La Barceloneta, Barcelona\", link_url:\"https:\/\/concomitentes.org\/en\/concomitancias\/parlamento-del-mar\/\", link_title:\"Ver m\u00e1s\", link_target:\"\", }).on('click', onClickMarker);;\r\n\t\t\tmarkersCONCOM.addLayer(marker_14);\r\n\r\n\t\t\t\t\tvar pathFillColor = \"#fa7832\";\r\n\t\t\tvar marker_15 = L.marker([37.3886303,-5.9953403], {icon: L.divIcon({\r\n\t\t\t\thtml: `\r\n          <svg xmlns=\"http:\/\/www.w3.org\/2000\/svg\" width=\"36\" height=\"72\" viewBox=\"0 0 24 24\" fill=\"`+pathFillColor+`\" stroke=\"#000\" stroke-width=\"1.2\" stroke-linecap=\"round\" stroke-linejoin=\"round\" class=\"feather feather-map-pin\">\r\n            <path d=\"M21 10c0 6-9 13-9 13s-9-7-9-13a9 9 0 1 1 18 0z\"><\/path>\r\n            <circle cx=\"12\" cy=\"10\" r=\"3\"><\/circle>\r\n          <\/svg>\r\n\t\t\t\t`,\r\n\t\t\t\ticonSize: [36, 72],\r\n\t\t\t\ticonAnchor: [12.5, 50],\r\n\t\t\t\tpopupAnchor: [0, -50],\r\n\t\t\t\tclassName: 'leaflet-div-icon icon-svg',\r\n\t\t\t})\t\t\t\t, url: \"https:\/\/concomitentes.org\/en\/concomitancias\/quasares\/\", src: \"https:\/\/concomitentes.org\/wp-content\/uploads\/2025\/06\/54827312150_33f1460b50_k.jpg\",title: \"Qu\u00e1sares\", color:\"#fa7832\", category:\"concom\",description:\"\\\"Crear una obra que encarne el mapa de emociones que atraviesan las personas en tratamiento contra el c\u00e1ncer\\\".\",address:\"Sevilla\", link_url:\"https:\/\/concomitentes.org\/en\/concomitancias\/quasares\/\", link_title:\"Ver m\u00e1s\", link_target:\"\", }).on('click', onClickMarker);;\r\n\t\t\tmarkersCONCOM.addLayer(marker_15);\r\n\r\n\t\t\t\t\tvar pathFillColor = \"#fa7832\";\r\n\t\t\tvar marker_16 = L.marker([42.9087746,-4.2881024], {icon: L.divIcon({\r\n\t\t\t\thtml: `\r\n          <svg xmlns=\"http:\/\/www.w3.org\/2000\/svg\" width=\"36\" height=\"72\" viewBox=\"0 0 24 24\" fill=\"`+pathFillColor+`\" stroke=\"#000\" stroke-width=\"1.2\" stroke-linecap=\"round\" stroke-linejoin=\"round\" class=\"feather feather-map-pin\">\r\n            <path d=\"M21 10c0 6-9 13-9 13s-9-7-9-13a9 9 0 1 1 18 0z\"><\/path>\r\n            <circle cx=\"12\" cy=\"10\" r=\"3\"><\/circle>\r\n          <\/svg>\r\n\t\t\t\t`,\r\n\t\t\t\ticonSize: [36, 72],\r\n\t\t\t\ticonAnchor: [12.5, 50],\r\n\t\t\t\tpopupAnchor: [0, -50],\r\n\t\t\t\tclassName: 'leaflet-div-icon icon-svg',\r\n\t\t\t})\t\t\t\t, url: \"https:\/\/concomitentes.org\/en\/concomitancias\/secuelas-energeticas\/\", src: \"https:\/\/concomitentes.org\/wp-content\/uploads\/2025\/06\/dji-0052-1408x.jpg\",title: \"Secuelas Energ\u00e9ticas\", color:\"#fa7832\", category:\"concom\",description:\"\\\"Reparar las heridas que ha dejado la miner\u00eda en el territorio de Barruelo de Santull\u00e1n\\\"\",address:\"Barruelo de Santull&aacute;n, Castilla Le&oacute;n\", link_url:\"https:\/\/concomitentes.org\/en\/concomitancias\/secuelas-energeticas\/\", link_title:\"Ver m\u00e1s\", link_target:\"\", }).on('click', onClickMarker);;\r\n\t\t\tmarkersCONCOM.addLayer(marker_16);\r\n\r\n\t\t\t\t\tvar pathFillColor = \"#fa7832\";\r\n\t\t\tvar marker_17 = L.marker([42.08481889269,-8.73862636825], {icon: L.divIcon({\r\n\t\t\t\thtml: `\r\n          <svg xmlns=\"http:\/\/www.w3.org\/2000\/svg\" width=\"36\" height=\"72\" viewBox=\"0 0 24 24\" fill=\"`+pathFillColor+`\" stroke=\"#000\" stroke-width=\"1.2\" stroke-linecap=\"round\" stroke-linejoin=\"round\" class=\"feather feather-map-pin\">\r\n            <path d=\"M21 10c0 6-9 13-9 13s-9-7-9-13a9 9 0 1 1 18 0z\"><\/path>\r\n            <circle cx=\"12\" cy=\"10\" r=\"3\"><\/circle>\r\n          <\/svg>\r\n\t\t\t\t`,\r\n\t\t\t\ticonSize: [36, 72],\r\n\t\t\t\ticonAnchor: [12.5, 50],\r\n\t\t\t\tpopupAnchor: [0, -50],\r\n\t\t\t\tclassName: 'leaflet-div-icon icon-svg',\r\n\t\t\t})\t\t\t\t, url: \"https:\/\/concomitentes.org\/en\/concomitancias\/monte-comun\/\", src: \"https:\/\/concomitentes.org\/wp-content\/uploads\/2025\/06\/54085572565_f793cf2a27_o.jpg\",title: \"Tierra Com\u00fan\", color:\"#fa7832\", category:\"concom\",description:\"\\\"Responder a las necesidades de la comunidad de Montes do Couso a trav\u00e9s de una obra art\u00edstica basada en la naturaleza\\\"\",address:\"Montes de O Couso (Pontevedra, Galicia)\", link_url:\"https:\/\/concomitentes.org\/en\/concomitancias\/monte-comun\/\", link_title:\"Ver m\u00e1s\", link_target:\"\", }).on('click', onClickMarker);;\r\n\t\t\tmarkersCONCOM.addLayer(marker_17);\r\n\r\n\t\t\t\t\tvar pathFillColor = \"#fa7832\";\r\n\t\t\tvar marker_18 = L.marker([28.44836125270,-16.285065612444], {icon: L.divIcon({\r\n\t\t\t\thtml: `\r\n          <svg xmlns=\"http:\/\/www.w3.org\/2000\/svg\" width=\"36\" height=\"72\" viewBox=\"0 0 24 24\" fill=\"`+pathFillColor+`\" stroke=\"#000\" stroke-width=\"1.2\" stroke-linecap=\"round\" stroke-linejoin=\"round\" class=\"feather feather-map-pin\">\r\n            <path d=\"M21 10c0 6-9 13-9 13s-9-7-9-13a9 9 0 1 1 18 0z\"><\/path>\r\n            <circle cx=\"12\" cy=\"10\" r=\"3\"><\/circle>\r\n          <\/svg>\r\n\t\t\t\t`,\r\n\t\t\t\ticonSize: [36, 72],\r\n\t\t\t\ticonAnchor: [12.5, 50],\r\n\t\t\t\tpopupAnchor: [0, -50],\r\n\t\t\t\tclassName: 'leaflet-div-icon icon-svg',\r\n\t\t\t})\t\t\t\t, url: \"https:\/\/concomitentes.org\/en\/concomitancias\/uci-pediatrica-tenerife\/\", src: \"https:\/\/concomitentes.org\/wp-content\/uploads\/2025\/06\/52973742596_a9eab90c19_k.jpg\",title: \"UCI Pedi\u00e1trica\", color:\"#fa7832\", category:\"concom\",description:\"\u201cGenerar un producto cultural que mejore el cuidado emocional de los pacientes que ingresan en la UCI Pedi\u00e1trica\u201d\",address:\"Santa Cruz de Tenerife (Canarias)\", link_url:\"https:\/\/concomitentes.org\/en\/concomitancias\/uci-pediatrica-tenerife\/\", link_title:\"Ver m\u00e1s\", link_target:\"\", }).on('click', onClickMarker);;\r\n\t\t\tmarkersCONCOM.addLayer(marker_18);\r\n\r\n\t\t\r\n\r\n\r\n  function initMap() {\r\n\t\tmymap.addLayer(markersCONCOM);\r\n }\r\n\r\n\r\n    \/\/mymap.addLayer(markers);\r\n\r\n\r\n  jQuery(document).ready(function($) {\r\n    initMap()\r\n\t   \/\/si ancho es menor que 768\r\n\t  if (window.innerWidth < 768) {\r\n\r\n\t\t\/\/ajustar mapa para que se vean todos los puntos (funciona porque usamos featureGroup en vez de layerGroup)\r\n\t  \t\t try {\t\t\t\t\r\n\t\t\t\t\r\n        mymap.fitBounds(markersCONCOM.getBounds(), {padding: [20, 20]});\r\n\t\t\t\tmymap.dragging.disable();\r\n\t\t\t} catch(err) {\r\n\t\t\t\t\t\/\/ pass\r\n\r\n\t\t\t\t\tconsole.log(err);\r\n\t\t\t\r\n\t\t\t}\r\n\t\t}else{\r\n      \/\/mymap.fitBounds(markersCONCOM.getBounds(), {padding: [20, 20]});\r\n\t\t\tmymap.scrollWheelZoom.disable();\r\n\t\t}\r\n       \r\n    \/\/Acci\u00f3n bot\u00f3n cerrar ficha verso\r\n    jQuery('.botcerrarficha').click(function(event) {\r\n      \r\n\t\t\tjQuery(\"#textficha\").removeClass(\"animate__animated \"+animacionIn);\r\n\t\t\tjQuery(\"#textficha\").addClass(\"animate__animated \"+animacionOut);\r\n      if(ultimoMarker){\r\n        jQuery(ultimoMarker._icon).removeClass('selectedMarker');\r\n        \/\/jQuery(ultimoMarker._icon).find(\"img\").attr(\"src\",\"https:\/\/concomitentes.org\/wp-content\/themes\/concomitentes\/img\/mapicon.png\");\r\n      }\r\n\t\t  mymap.scrollWheelZoom.disable();\r\n    });\r\n      \r\n\r\n     \r\n});\r\n\r\n\r\n\r\n  function onClickMarker(e) {\r\n\r\n\t  onClickMarkerAccion(e);\r\n\t}\r\n\r\n  \/*\r\n   * Put all your regular jQuery in here.\r\n  *\/\r\n\r\n  function onClickMarkerAccion(e) {\r\n\r\n    if(ultimoMarker){\r\n      jQuery(ultimoMarker._icon).removeClass('selectedMarker');\r\n\t  \/\/Cambiar el icono de img por mapicon2.png\r\n\t  jQuery(ultimoMarker._icon).find(\"img\").attr(\"src\",\"https:\/\/concomitentes.org\/wp-content\/themes\/concomitentes\/images\/mapicon.png\");\r\n    }\r\n    ultimoMarker=e.target;\r\n\r\n    jQuery(e.target._icon).addClass('selectedMarker');\r\n\t  jQuery(ultimoMarker._icon).find(\"img\").attr(\"src\",\"https:\/\/concomitentes.org\/wp-content\/themes\/concomitentes\/images\/mapicon2.png\");\r\n    jQuery(\"#textficha\").find(\".title\").html(e.target.options.title);\r\n\t  \/\/Change color of ttitle\r\n\t  \/\/jQuery(\"#textficha\").find(\".title\").css(\"color\",e.target.options.color);\r\n\r\n    jQuery(\"#textficha\").find(\".description\").html(e.target.options.description);\r\n    jQuery(\"#textficha\").find(\".address\").html(e.target.options.address);\r\n\r\n    jQuery(\"body #textficha\").removeClass('site');\r\n    jQuery(\"body #textficha\").removeClass('prog');\r\n    jQuery(\"body #textficha\").removeClass('even');\r\n    jQuery(\"#textficha\").addClass(e.target.options.category);\r\n    jQuery(\"#textficha\").find(\"figure\").css(\"background-image\", \"url(\"+e.target.options.src +\")\");  ;\r\n\r\n    buttonLink=jQuery(\"#textficha\").find(\".button\");\r\n\r\n    if(e.target.options.link_url !=\"\"){\r\n      buttonLink.attr(\"href\",e.target.options.link_url);\r\n      buttonLink.attr(\"target\",e.target.options.link_target);\r\n      buttonLink.html(e.target.options.link_title);\r\n      buttonLink.show();\r\n    }else{\r\n      console.log(\"ocultar boton\");\r\n      buttonLink.hide();\r\n    }\r\n\r\n\r\n    \/\/Sacar buscador ei est\u00e1 abierto\r\n    jQuery(\"#textficha\").removeClass(\"animate__animated \"+animacionOut);\r\n    jQuery(\"#textficha\").addClass(\"animate__animated \"+animacionIn);\r\n\r\n\r\n  }\r\n\r\n  <\/script>\r\n\r\n  \n\n\n<p><\/p>\n","protected":false},"excerpt":{"rendered":"","protected":false},"author":1,"featured_media":0,"parent":0,"menu_order":0,"comment_status":"closed","ping_status":"closed","template":"","meta":{"_acf_changed":false,"footnotes":""},"class_list":["post-1632","page","type-page","status-publish","hentry"],"acf":[],"yoast_head":"<!-- This site is optimized with the Yoast SEO plugin v27.5 - https:\/\/yoast.com\/product\/yoast-seo-wordpress\/ -->\n<title>Mapa - Concomitentes<\/title>\n<meta name=\"robots\" content=\"index, follow, max-snippet:-1, max-image-preview:large, max-video-preview:-1\" \/>\n<link rel=\"canonical\" href=\"https:\/\/concomitentes.org\/en\/map\/\" \/>\n<meta property=\"og:locale\" content=\"en_GB\" \/>\n<meta property=\"og:type\" content=\"article\" \/>\n<meta property=\"og:title\" content=\"Mapa - Concomitentes\" \/>\n<meta property=\"og:url\" content=\"https:\/\/concomitentes.org\/en\/map\/\" \/>\n<meta property=\"og:site_name\" content=\"Concomitentes\" \/>\n<meta property=\"article:modified_time\" content=\"2025-07-08T16:40:08+00:00\" \/>\n<meta name=\"twitter:card\" content=\"summary_large_image\" \/>\n<script type=\"application\/ld+json\" class=\"yoast-schema-graph\">{\"@context\":\"https:\\\/\\\/schema.org\",\"@graph\":[{\"@type\":\"WebPage\",\"@id\":\"https:\\\/\\\/concomitentes.org\\\/mapa\\\/\",\"url\":\"https:\\\/\\\/concomitentes.org\\\/mapa\\\/\",\"name\":\"Mapa - Concomitentes\",\"isPartOf\":{\"@id\":\"https:\\\/\\\/concomitentes.org\\\/en\\\/#website\"},\"datePublished\":\"2025-07-08T16:38:22+00:00\",\"dateModified\":\"2025-07-08T16:40:08+00:00\",\"breadcrumb\":{\"@id\":\"https:\\\/\\\/concomitentes.org\\\/mapa\\\/#breadcrumb\"},\"inLanguage\":\"en-GB\",\"potentialAction\":[{\"@type\":\"ReadAction\",\"target\":[\"https:\\\/\\\/concomitentes.org\\\/mapa\\\/\"]}]},{\"@type\":\"BreadcrumbList\",\"@id\":\"https:\\\/\\\/concomitentes.org\\\/mapa\\\/#breadcrumb\",\"itemListElement\":[{\"@type\":\"ListItem\",\"position\":1,\"name\":\"Portada\",\"item\":\"https:\\\/\\\/concomitentes.org\\\/\"},{\"@type\":\"ListItem\",\"position\":2,\"name\":\"Mapa\"}]},{\"@type\":\"WebSite\",\"@id\":\"https:\\\/\\\/concomitentes.org\\\/en\\\/#website\",\"url\":\"https:\\\/\\\/concomitentes.org\\\/en\\\/\",\"name\":\"Concomitentes\",\"description\":\"Concomitentes promueve la creaci\u00f3n de obras de arte y media entre la sociedad civil que las encarga y los\\\/las artistas que las producen.\",\"potentialAction\":[{\"@type\":\"SearchAction\",\"target\":{\"@type\":\"EntryPoint\",\"urlTemplate\":\"https:\\\/\\\/concomitentes.org\\\/en\\\/?s={search_term_string}\"},\"query-input\":{\"@type\":\"PropertyValueSpecification\",\"valueRequired\":true,\"valueName\":\"search_term_string\"}}],\"inLanguage\":\"en-GB\"}]}<\/script>\n<!-- \/ Yoast SEO plugin. -->","yoast_head_json":{"title":"Map - Comitentes","robots":{"index":"index","follow":"follow","max-snippet":"max-snippet:-1","max-image-preview":"max-image-preview:large","max-video-preview":"max-video-preview:-1"},"canonical":"https:\/\/concomitentes.org\/en\/map\/","og_locale":"en_GB","og_type":"article","og_title":"Mapa - Concomitentes","og_url":"https:\/\/concomitentes.org\/en\/map\/","og_site_name":"Concomitentes","article_modified_time":"2025-07-08T16:40:08+00:00","twitter_card":"summary_large_image","schema":{"@context":"https:\/\/schema.org","@graph":[{"@type":"WebPage","@id":"https:\/\/concomitentes.org\/mapa\/","url":"https:\/\/concomitentes.org\/mapa\/","name":"Map - Comitentes","isPartOf":{"@id":"https:\/\/concomitentes.org\/en\/#website"},"datePublished":"2025-07-08T16:38:22+00:00","dateModified":"2025-07-08T16:40:08+00:00","breadcrumb":{"@id":"https:\/\/concomitentes.org\/mapa\/#breadcrumb"},"inLanguage":"en-GB","potentialAction":[{"@type":"ReadAction","target":["https:\/\/concomitentes.org\/mapa\/"]}]},{"@type":"BreadcrumbList","@id":"https:\/\/concomitentes.org\/mapa\/#breadcrumb","itemListElement":[{"@type":"ListItem","position":1,"name":"Portada","item":"https:\/\/concomitentes.org\/"},{"@type":"ListItem","position":2,"name":"Mapa"}]},{"@type":"WebSite","@id":"https:\/\/concomitentes.org\/en\/#website","url":"https:\/\/concomitentes.org\/en\/","name":"Concomitentes","description":"Concomitentes promotes the creation of works of art and mediates between the civil society that commissions them and the artists who produce them.","potentialAction":[{"@type":"SearchAction","target":{"@type":"EntryPoint","urlTemplate":"https:\/\/concomitentes.org\/en\/?s={search_term_string}"},"query-input":{"@type":"PropertyValueSpecification","valueRequired":true,"valueName":"search_term_string"}}],"inLanguage":"en-GB"}]}},"_links":{"self":[{"href":"https:\/\/concomitentes.org\/en\/wp-json\/wp\/v2\/pages\/1632","targetHints":{"allow":["GET"]}}],"collection":[{"href":"https:\/\/concomitentes.org\/en\/wp-json\/wp\/v2\/pages"}],"about":[{"href":"https:\/\/concomitentes.org\/en\/wp-json\/wp\/v2\/types\/page"}],"author":[{"embeddable":true,"href":"https:\/\/concomitentes.org\/en\/wp-json\/wp\/v2\/users\/1"}],"replies":[{"embeddable":true,"href":"https:\/\/concomitentes.org\/en\/wp-json\/wp\/v2\/comments?post=1632"}],"version-history":[{"count":3,"href":"https:\/\/concomitentes.org\/en\/wp-json\/wp\/v2\/pages\/1632\/revisions"}],"predecessor-version":[{"id":1635,"href":"https:\/\/concomitentes.org\/en\/wp-json\/wp\/v2\/pages\/1632\/revisions\/1635"}],"wp:attachment":[{"href":"https:\/\/concomitentes.org\/en\/wp-json\/wp\/v2\/media?parent=1632"}],"curies":[{"name":"wp","href":"https:\/\/api.w.org\/{rel}","templated":true}]}}