{"id":128,"date":"2025-06-23T09:07:16","date_gmt":"2025-06-23T09:07:16","guid":{"rendered":"http:\/\/concomitentes.vl22350.dinaserver.com\/?page_id=128"},"modified":"2025-07-08T10:26:58","modified_gmt":"2025-07-08T10:26:58","slug":"concomitances","status":"publish","type":"page","link":"https:\/\/concomitentes.org\/en\/concomitancias\/","title":{"rendered":"Commisions"},"content":{"rendered":"\n    \n\n<section class=\" bloque-contenedor    transparente \"   id=\"\">\n\n    <div class=\" container \">\n        <div class=\"\"> \n                                \n\n                <div class=\"acf-innerblocks-container\">\n\n<h2 class=\"wp-block-heading\">ACTIVAS<\/h2>\n\n\n<section class=\"container bloque-personalizado bloque-proyectos bloque-proyectos-completo\" >\r\n  <div class=\"\"> \r\n   <div  class=\" \">\r\n     <div class=\" row\" >\r\n                <div class=\" col-12 col-md-6 col-lg-6 mb-5\">\r\n                <a href=\"https:\/\/concomitentes.org\/en\/concomitancias\/secuelas-energeticas\/\" rel=\"bookmark\" title=\"Secuelas Energ\u00e9ticas\" class=\"bl-enlace\">\r\n                  <div class=\"bl-inner \">              \r\n                    <div class=\"bl-image\">\r\n                      <img loading=\"lazy\" decoding=\"async\" width=\"1200\" height=\"675\" src=\"https:\/\/concomitentes.org\/wp-content\/uploads\/2025\/06\/dji-0052-1408x-1200x675.jpg\" class=\"basic-thumb wp-post-image\" alt=\"Secuelas Energ\u00e9ticas\" srcset=\"https:\/\/concomitentes.org\/wp-content\/uploads\/2025\/06\/dji-0052-1408x-1200x675.jpg 1200w, https:\/\/concomitentes.org\/wp-content\/uploads\/2025\/06\/dji-0052-1408x-600x338.jpg 600w, https:\/\/concomitentes.org\/wp-content\/uploads\/2025\/06\/dji-0052-1408x-550x310.jpg 550w, https:\/\/concomitentes.org\/wp-content\/uploads\/2025\/06\/dji-0052-1408x-768x432.jpg 768w, https:\/\/concomitentes.org\/wp-content\/uploads\/2025\/06\/dji-0052-1408x-900x506.jpg 900w, https:\/\/concomitentes.org\/wp-content\/uploads\/2025\/06\/dji-0052-1408x-300x169.jpg 300w, https:\/\/concomitentes.org\/wp-content\/uploads\/2025\/06\/dji-0052-1408x-1024x576.jpg 1024w, https:\/\/concomitentes.org\/wp-content\/uploads\/2025\/06\/dji-0052-1408x.jpg 1408w\" sizes=\"auto, (max-width: 1200px) 100vw, 1200px\" \/>                      \r\n                      <div class=\"bl-texto\">  \r\n                        <h3 class=\"bl-titulo\">Secuelas Energ\u00e9ticas<\/h3>                        \r\n                      <\/div>\r\n                    <\/div>                    \r\n                    <p class=\"subtitulo mt-3\"><strong>El pueblo de Barruelo de Santull\u00e1n, situado en el norte de la provincia castellanoleonesa de Palencia, es uno de los 184 municipios afectados por los procesos de descarbonizaci\u00f3n que el [&hellip;]<\/strong><\/p>\r\n                  <\/div>\r\n                <\/a>\r\n              <\/div>\r\n                  <div class=\" col-12 col-md-6 col-lg-6 mb-5\">\r\n                <a href=\"https:\/\/concomitentes.org\/en\/concomitancias\/non-plus-ultra\/\" rel=\"bookmark\" title=\"Non plus ultra\" class=\"bl-enlace\">\r\n                  <div class=\"bl-inner \">              \r\n                    <div class=\"bl-image\">\r\n                      <img loading=\"lazy\" decoding=\"async\" width=\"1200\" height=\"800\" src=\"https:\/\/concomitentes.org\/wp-content\/uploads\/2025\/06\/53847095546_7978095318_k-1200x800.jpg\" class=\"basic-thumb wp-post-image\" alt=\"Non plus ultra\" srcset=\"https:\/\/concomitentes.org\/wp-content\/uploads\/2025\/06\/53847095546_7978095318_k-1200x800.jpg 1200w, https:\/\/concomitentes.org\/wp-content\/uploads\/2025\/06\/53847095546_7978095318_k-600x400.jpg 600w, https:\/\/concomitentes.org\/wp-content\/uploads\/2025\/06\/53847095546_7978095318_k-1535x1024.jpg 1535w, https:\/\/concomitentes.org\/wp-content\/uploads\/2025\/06\/53847095546_7978095318_k-768x512.jpg 768w, https:\/\/concomitentes.org\/wp-content\/uploads\/2025\/06\/53847095546_7978095318_k-1536x1025.jpg 1536w, https:\/\/concomitentes.org\/wp-content\/uploads\/2025\/06\/53847095546_7978095318_k-900x600.jpg 900w, https:\/\/concomitentes.org\/wp-content\/uploads\/2025\/06\/53847095546_7978095318_k-300x200.jpg 300w, https:\/\/concomitentes.org\/wp-content\/uploads\/2025\/06\/53847095546_7978095318_k-1024x683.jpg 1024w, https:\/\/concomitentes.org\/wp-content\/uploads\/2025\/06\/53847095546_7978095318_k.jpg 2048w\" sizes=\"auto, (max-width: 1200px) 100vw, 1200px\" \/>                      \r\n                      <div class=\"bl-texto\">  \r\n                        <h3 class=\"bl-titulo\">Non plus ultra<\/h3>                        \r\n                      <\/div>\r\n                    <\/div>                    \r\n                    <p class=\"subtitulo mt-3\"><strong>\u201cPlus ultra\u201d es el lema que Espa\u00f1a lleva en su escudo, \u201cm\u00e1s all\u00e1\u201d en lat\u00edn, una frase que remite a la \u00e9poca del Imperio, al momento fundacional de las mitolog\u00edas [&hellip;]<\/strong><\/p>\r\n                  <\/div>\r\n                <\/a>\r\n              <\/div>\r\n                  <div class=\" col-12 col-md-6 col-lg-6 mb-5\">\r\n                <a href=\"https:\/\/concomitentes.org\/en\/concomitancias\/mes-clar-que-laigua\/\" rel=\"bookmark\" title=\"M\u00e9s clar que l&#8217;aigua\" class=\"bl-enlace\">\r\n                  <div class=\"bl-inner \">              \r\n                    <div class=\"bl-image\">\r\n                      <img loading=\"lazy\" decoding=\"async\" width=\"1200\" height=\"816\" src=\"https:\/\/concomitentes.org\/wp-content\/uploads\/2025\/12\/R1-05625-0025-1200x816.jpg\" class=\"basic-thumb wp-post-image\" alt=\"M\u00e9s clar que l&#8217;aigua\" srcset=\"https:\/\/concomitentes.org\/wp-content\/uploads\/2025\/12\/R1-05625-0025-1200x816.jpg 1200w, https:\/\/concomitentes.org\/wp-content\/uploads\/2025\/12\/R1-05625-0025-1506x1024.jpg 1506w, https:\/\/concomitentes.org\/wp-content\/uploads\/2025\/12\/R1-05625-0025-768x522.jpg 768w, https:\/\/concomitentes.org\/wp-content\/uploads\/2025\/12\/R1-05625-0025-1536x1044.jpg 1536w, https:\/\/concomitentes.org\/wp-content\/uploads\/2025\/12\/R1-05625-0025-2048x1392.jpg 2048w, https:\/\/concomitentes.org\/wp-content\/uploads\/2025\/12\/R1-05625-0025-18x12.jpg 18w, https:\/\/concomitentes.org\/wp-content\/uploads\/2025\/12\/R1-05625-0025-600x408.jpg 600w\" sizes=\"auto, (max-width: 1200px) 100vw, 1200px\" \/>                      \r\n                      <div class=\"bl-texto\">  \r\n                        <h3 class=\"bl-titulo\">M\u00e9s clar que l&#8217;aigua<\/h3>                        \r\n                      <\/div>\r\n                    <\/div>                    \r\n                    <p class=\"subtitulo mt-3\"><strong>En M\u00e9s clar que l\u2019aigua, la comunitat de Sapeira reactiva, mitjan\u00e7ant mediaci\u00f3 i creaci\u00f3 col\u00b7lectiva, les normes no escrites que durant generacions han sostingut la gesti\u00f3 comunal de l\u2019aigua. En [&hellip;]<\/strong><\/p>\r\n                  <\/div>\r\n                <\/a>\r\n              <\/div>\r\n                  <div class=\" col-12 col-md-6 col-lg-6 mb-5\">\r\n                <a href=\"https:\/\/concomitentes.org\/en\/concomitancias\/quasares\/\" rel=\"bookmark\" title=\"Qu\u00e1sares\" class=\"bl-enlace\">\r\n                  <div class=\"bl-inner \">              \r\n                    <div class=\"bl-image\">\r\n                      <img loading=\"lazy\" decoding=\"async\" width=\"1200\" height=\"800\" src=\"https:\/\/concomitentes.org\/wp-content\/uploads\/2025\/06\/54827312150_33f1460b50_k-1200x800.jpg\" class=\"basic-thumb wp-post-image\" alt=\"Qu\u00e1sares\" srcset=\"https:\/\/concomitentes.org\/wp-content\/uploads\/2025\/06\/54827312150_33f1460b50_k-1200x800.jpg 1200w, https:\/\/concomitentes.org\/wp-content\/uploads\/2025\/06\/54827312150_33f1460b50_k-1536x1024.jpg 1536w, https:\/\/concomitentes.org\/wp-content\/uploads\/2025\/06\/54827312150_33f1460b50_k-768x512.jpg 768w, https:\/\/concomitentes.org\/wp-content\/uploads\/2025\/06\/54827312150_33f1460b50_k-18x12.jpg 18w, https:\/\/concomitentes.org\/wp-content\/uploads\/2025\/06\/54827312150_33f1460b50_k-600x400.jpg 600w, https:\/\/concomitentes.org\/wp-content\/uploads\/2025\/06\/54827312150_33f1460b50_k.jpg 2048w\" sizes=\"auto, (max-width: 1200px) 100vw, 1200px\" \/>                      \r\n                      <div class=\"bl-texto\">  \r\n                        <h3 class=\"bl-titulo\">Qu\u00e1sares<\/h3>                        \r\n                      <\/div>\r\n                    <\/div>                    \r\n                    <p class=\"subtitulo mt-3\"><strong>Para mis quasares\u2026&#8217;Te mando una corta reflexi\u00f3n sobre los quasares\u2026cuerpo celeste que tiene una apariencia estelar y que, en el telescopio, aparece como una d\u00e9bil estrellita. Sin embargo, observados con [&hellip;]<\/strong><\/p>\r\n                  <\/div>\r\n                <\/a>\r\n              <\/div>\r\n                  <div class=\" col-12 col-md-6 col-lg-6 mb-5\">\r\n                <a href=\"https:\/\/concomitentes.org\/en\/concomitancias\/parlamento-del-mar\/\" rel=\"bookmark\" title=\"Parlamento del Mar\" class=\"bl-enlace\">\r\n                  <div class=\"bl-inner \">              \r\n                    <div class=\"bl-image\">\r\n                      <img loading=\"lazy\" decoding=\"async\" width=\"1200\" height=\"900\" src=\"https:\/\/concomitentes.org\/wp-content\/uploads\/2026\/03\/PDM1eraeleccion-1200x900.jpg\" class=\"basic-thumb wp-post-image\" alt=\"Parlamento del Mar\" srcset=\"https:\/\/concomitentes.org\/wp-content\/uploads\/2026\/03\/PDM1eraeleccion-1200x900.jpg 1200w, https:\/\/concomitentes.org\/wp-content\/uploads\/2026\/03\/PDM1eraeleccion-1365x1024.jpg 1365w, https:\/\/concomitentes.org\/wp-content\/uploads\/2026\/03\/PDM1eraeleccion-768x576.jpg 768w, https:\/\/concomitentes.org\/wp-content\/uploads\/2026\/03\/PDM1eraeleccion-1536x1152.jpg 1536w, https:\/\/concomitentes.org\/wp-content\/uploads\/2026\/03\/PDM1eraeleccion-2048x1536.jpg 2048w, https:\/\/concomitentes.org\/wp-content\/uploads\/2026\/03\/PDM1eraeleccion-16x12.jpg 16w, https:\/\/concomitentes.org\/wp-content\/uploads\/2026\/03\/PDM1eraeleccion-600x450.jpg 600w\" sizes=\"auto, (max-width: 1200px) 100vw, 1200px\" \/>                      \r\n                      <div class=\"bl-texto\">  \r\n                        <h3 class=\"bl-titulo\">Parlamento del Mar<\/h3>                        \r\n                      <\/div>\r\n                    <\/div>                    \r\n                    <p class=\"subtitulo mt-3\"><strong>En un contexto marcado por la emergencia clim\u00e1tica, la p\u00e9rdida de biodiversidad y la presi\u00f3n tur\u00edstica y urban\u00edstica, Parlamento del Mar impulsa procesos art\u00edsticos comunitarios que a\u00fanan ciencia y ciudadan\u00eda [&hellip;]<\/strong><\/p>\r\n                  <\/div>\r\n                <\/a>\r\n              <\/div>\r\n                  <div class=\" col-12 col-md-6 col-lg-6 mb-5\">\r\n                <a href=\"https:\/\/concomitentes.org\/en\/concomitancias\/narrativas-solares\/\" rel=\"bookmark\" title=\"Narrativas Solares\" class=\"bl-enlace\">\r\n                  <div class=\"bl-inner \">              \r\n                    <div class=\"bl-image\">\r\n                      <img loading=\"lazy\" decoding=\"async\" width=\"1200\" height=\"900\" src=\"https:\/\/concomitentes.org\/wp-content\/uploads\/2025\/06\/53317025772_4f7de305c0_k-1200x900.jpg\" class=\"basic-thumb wp-post-image\" alt=\"Narrativas Solares\" srcset=\"https:\/\/concomitentes.org\/wp-content\/uploads\/2025\/06\/53317025772_4f7de305c0_k-1200x900.jpg 1200w, https:\/\/concomitentes.org\/wp-content\/uploads\/2025\/06\/53317025772_4f7de305c0_k-600x450.jpg 600w, https:\/\/concomitentes.org\/wp-content\/uploads\/2025\/06\/53317025772_4f7de305c0_k-1365x1024.jpg 1365w, https:\/\/concomitentes.org\/wp-content\/uploads\/2025\/06\/53317025772_4f7de305c0_k-768x576.jpg 768w, https:\/\/concomitentes.org\/wp-content\/uploads\/2025\/06\/53317025772_4f7de305c0_k-1536x1152.jpg 1536w, https:\/\/concomitentes.org\/wp-content\/uploads\/2025\/06\/53317025772_4f7de305c0_k-900x675.jpg 900w, https:\/\/concomitentes.org\/wp-content\/uploads\/2025\/06\/53317025772_4f7de305c0_k-300x225.jpg 300w, https:\/\/concomitentes.org\/wp-content\/uploads\/2025\/06\/53317025772_4f7de305c0_k-1024x768.jpg 1024w, https:\/\/concomitentes.org\/wp-content\/uploads\/2025\/06\/53317025772_4f7de305c0_k.jpg 2048w\" sizes=\"auto, (max-width: 1200px) 100vw, 1200px\" \/>                      \r\n                      <div class=\"bl-texto\">  \r\n                        <h3 class=\"bl-titulo\">Narrativas Solares<\/h3>                        \r\n                      <\/div>\r\n                    <\/div>                    \r\n                    <p class=\"subtitulo mt-3\"><strong>La comarca de La Sobarriba est\u00e1 situada a escasos kil\u00f3metros de la ciudad de Le\u00f3n y la conforman, principalmente, los 20 pueblos y 2 agrupaciones de casas que forman parte [&hellip;]<\/strong><\/p>\r\n                  <\/div>\r\n                <\/a>\r\n              <\/div>\r\n                  <div class=\" col-12 col-md-6 col-lg-6 mb-5\">\r\n                <a href=\"https:\/\/concomitentes.org\/en\/concomitancias\/connexions-metaboliques\/\" rel=\"bookmark\" title=\"Connexions Metab\u00f2liques\" class=\"bl-enlace\">\r\n                  <div class=\"bl-inner \">              \r\n                    <div class=\"bl-image\">\r\n                      <img loading=\"lazy\" decoding=\"async\" width=\"1200\" height=\"800\" src=\"https:\/\/concomitentes.org\/wp-content\/uploads\/2025\/09\/Horta-2023-1-peque-1-1200x800.jpg\" class=\"basic-thumb wp-post-image\" alt=\"Connexions Metab\u00f2liques\" srcset=\"https:\/\/concomitentes.org\/wp-content\/uploads\/2025\/09\/Horta-2023-1-peque-1-1200x800.jpg 1200w, https:\/\/concomitentes.org\/wp-content\/uploads\/2025\/09\/Horta-2023-1-peque-1-600x400.jpg 600w, https:\/\/concomitentes.org\/wp-content\/uploads\/2025\/09\/Horta-2023-1-peque-1-1535x1024.jpg 1535w, https:\/\/concomitentes.org\/wp-content\/uploads\/2025\/09\/Horta-2023-1-peque-1-768x512.jpg 768w, https:\/\/concomitentes.org\/wp-content\/uploads\/2025\/09\/Horta-2023-1-peque-1-1536x1025.jpg 1536w, https:\/\/concomitentes.org\/wp-content\/uploads\/2025\/09\/Horta-2023-1-peque-1-18x12.jpg 18w, https:\/\/concomitentes.org\/wp-content\/uploads\/2025\/09\/Horta-2023-1-peque-1.jpg 2048w\" sizes=\"auto, (max-width: 1200px) 100vw, 1200px\" \/>                      \r\n                      <div class=\"bl-texto\">  \r\n                        <h3 class=\"bl-titulo\">Connexions Metab\u00f2liques<\/h3>                        \r\n                      <\/div>\r\n                    <\/div>                    \r\n                    <p class=\"subtitulo mt-3\"><strong>Connexions metab\u00f2liques. Clima i agricultures comunit\u00e0ries pretende visibilizar el papel de la soberan\u00eda alimentaria en la restauraci\u00f3n del territorio valenciano tras la DANA de 2024 y el rol fundamental de [&hellip;]<\/strong><\/p>\r\n                  <\/div>\r\n                <\/a>\r\n              <\/div>\r\n                  <div class=\" col-12 col-md-6 col-lg-6 mb-5\">\r\n                <a href=\"https:\/\/concomitentes.org\/en\/concomitancias\/os-contos-de-leite\/\" rel=\"bookmark\" title=\"Os contos do leite\" class=\"bl-enlace\">\r\n                  <div class=\"bl-inner \">              \r\n                    <div class=\"bl-image\">\r\n                      <img loading=\"lazy\" decoding=\"async\" width=\"1200\" height=\"800\" src=\"https:\/\/concomitentes.org\/wp-content\/uploads\/2025\/06\/dsc_7581-1200x800.jpg\" class=\"basic-thumb wp-post-image\" alt=\"Os contos do leite\" srcset=\"https:\/\/concomitentes.org\/wp-content\/uploads\/2025\/06\/dsc_7581-1200x800.jpg 1200w, https:\/\/concomitentes.org\/wp-content\/uploads\/2025\/06\/dsc_7581-600x400.jpg 600w, https:\/\/concomitentes.org\/wp-content\/uploads\/2025\/06\/dsc_7581-1536x1024.jpg 1536w, https:\/\/concomitentes.org\/wp-content\/uploads\/2025\/06\/dsc_7581-768x512.jpg 768w, https:\/\/concomitentes.org\/wp-content\/uploads\/2025\/06\/dsc_7581-900x600.jpg 900w, https:\/\/concomitentes.org\/wp-content\/uploads\/2025\/06\/dsc_7581-300x200.jpg 300w, https:\/\/concomitentes.org\/wp-content\/uploads\/2025\/06\/dsc_7581-1024x683.jpg 1024w, https:\/\/concomitentes.org\/wp-content\/uploads\/2025\/06\/dsc_7581.jpg 2048w\" sizes=\"auto, (max-width: 1200px) 100vw, 1200px\" \/>                      \r\n                      <div class=\"bl-texto\">  \r\n                        <h3 class=\"bl-titulo\">Os contos do leite<\/h3>                        \r\n                      <\/div>\r\n                    <\/div>                    \r\n                    <p class=\"subtitulo mt-3\"><strong>En la comarca de A Ulloa (Lugo), a los problemas que sufre el campo en muchos otros lugares, se une una amenaza: la posibilidad de que la empresa Altri-Greenalia instale [&hellip;]<\/strong><\/p>\r\n                  <\/div>\r\n                <\/a>\r\n              <\/div>\r\n                  <div class=\" col-12 col-md-6 col-lg-6 mb-5\">\r\n                <a href=\"https:\/\/concomitentes.org\/en\/concomitancias\/reconocer-el-monte\/\" rel=\"bookmark\" title=\"[Re]conocer el monte\" class=\"bl-enlace\">\r\n                  <div class=\"bl-inner \">              \r\n                    <div class=\"bl-image\">\r\n                      <img loading=\"lazy\" decoding=\"async\" width=\"1200\" height=\"675\" src=\"https:\/\/concomitentes.org\/wp-content\/uploads\/2025\/10\/SalvemosPenamayorPortada-2.jpg\" class=\"basic-thumb wp-post-image\" alt=\"[Re]conocer el monte\" srcset=\"https:\/\/concomitentes.org\/wp-content\/uploads\/2025\/10\/SalvemosPenamayorPortada-2.jpg 1200w, https:\/\/concomitentes.org\/wp-content\/uploads\/2025\/10\/SalvemosPenamayorPortada-2-600x338.jpg 600w, https:\/\/concomitentes.org\/wp-content\/uploads\/2025\/10\/SalvemosPenamayorPortada-2-550x310.jpg 550w, https:\/\/concomitentes.org\/wp-content\/uploads\/2025\/10\/SalvemosPenamayorPortada-2-768x432.jpg 768w, https:\/\/concomitentes.org\/wp-content\/uploads\/2025\/10\/SalvemosPenamayorPortada-2-18x10.jpg 18w\" sizes=\"auto, (max-width: 1200px) 100vw, 1200px\" \/>                      \r\n                      <div class=\"bl-texto\">  \r\n                        <h3 class=\"bl-titulo\">[Re]conocer el monte<\/h3>                        \r\n                      <\/div>\r\n                    <\/div>                    \r\n                    <p class=\"subtitulo mt-3\"><strong>La sierra de Pe\u00f1amayor brama g\u00fcei \u00e9nte l\u2019amenaza de la especulaci\u00f3n minera. Ye \u00fan de los enclaves m\u00e1s importantes de la monta\u00f1a centro-oriental d\u2019Asturies, con bien de montes y una [&hellip;]<\/strong><\/p>\r\n                  <\/div>\r\n                <\/a>\r\n              <\/div>\r\n                  <div class=\" col-12 col-md-6 col-lg-6 mb-5\">\r\n                <a href=\"https:\/\/concomitentes.org\/en\/concomitancias\/estructuras-de-afecto\/\" rel=\"bookmark\" title=\"Estructuras de afecto\" class=\"bl-enlace\">\r\n                  <div class=\"bl-inner \">              \r\n                    <div class=\"bl-image\">\r\n                      <img loading=\"lazy\" decoding=\"async\" width=\"300\" height=\"200\" src=\"https:\/\/concomitentes.org\/wp-content\/uploads\/2025\/06\/goteo-263-300x200.jpg\" class=\"basic-thumb wp-post-image\" alt=\"Estructuras de afecto\" srcset=\"https:\/\/concomitentes.org\/wp-content\/uploads\/2025\/06\/goteo-263-300x200.jpg 300w, https:\/\/concomitentes.org\/wp-content\/uploads\/2025\/06\/goteo-263-600x400.jpg 600w, https:\/\/concomitentes.org\/wp-content\/uploads\/2025\/06\/goteo-263.jpg 700w\" sizes=\"auto, (max-width: 300px) 100vw, 300px\" \/>                      \r\n                      <div class=\"bl-texto\">  \r\n                        <h3 class=\"bl-titulo\">Estructuras de afecto<\/h3>                        \r\n                      <\/div>\r\n                    <\/div>                    \r\n                    <p class=\"subtitulo mt-3\"><strong>\u201cEstructuras de afecto\u201d propone el paso de la necesidad y la emergencia al deseo a trav\u00e9s de estructuras urbanas simb\u00f3licas y pr\u00e1cticas en la reconstrucci\u00f3n colectiva del espacio. Tras la [&hellip;]<\/strong><\/p>\r\n                  <\/div>\r\n                <\/a>\r\n              <\/div>\r\n                <\/div>\r\n              <\/div>\r\n    <\/div>\r\n    \r\n      \r\n  <\/section>\r\n\r\n      \r\n\r\n\r\n\n<\/div>\n          \n                            \n        <\/div>\n    <\/div>\n<\/section>\n\n\n\n    \n\n<section class=\" bloque-contenedor    transparente \"   id=\"\">\n\n    <div class=\" container \">\n        <div class=\"\"> \n                                \n\n                <div class=\"acf-innerblocks-container\">\n\n<h2 class=\"wp-block-heading\">Hist\u00f3rico<\/h2>\n\n\n<section class=\"container bloque-personalizado bloque-proyectos bloque-proyectos-completo\" >\r\n  <div class=\"\"> \r\n   <div  class=\" \">\r\n     <div class=\" row\" >\r\n                <div class=\" col-12 col-md-6 col-lg-6 mb-5\">\r\n                <a href=\"https:\/\/concomitentes.org\/en\/concomitancias\/bbaa\/\" rel=\"bookmark\" title=\"Biblioteca Bellas Artes UCM\" class=\"bl-enlace\">\r\n                  <div class=\"bl-inner \">              \r\n                    <div class=\"bl-image\">\r\n                      <img loading=\"lazy\" decoding=\"async\" width=\"1200\" height=\"800\" src=\"https:\/\/concomitentes.org\/wp-content\/uploads\/2025\/06\/49534661696_06ec98d40c_k-1200x800.jpg\" class=\"basic-thumb wp-post-image\" alt=\"Biblioteca Bellas Artes UCM\" srcset=\"https:\/\/concomitentes.org\/wp-content\/uploads\/2025\/06\/49534661696_06ec98d40c_k-1200x800.jpg 1200w, https:\/\/concomitentes.org\/wp-content\/uploads\/2025\/06\/49534661696_06ec98d40c_k-600x400.jpg 600w, https:\/\/concomitentes.org\/wp-content\/uploads\/2025\/06\/49534661696_06ec98d40c_k-1536x1024.jpg 1536w, https:\/\/concomitentes.org\/wp-content\/uploads\/2025\/06\/49534661696_06ec98d40c_k-768x512.jpg 768w, https:\/\/concomitentes.org\/wp-content\/uploads\/2025\/06\/49534661696_06ec98d40c_k-900x600.jpg 900w, https:\/\/concomitentes.org\/wp-content\/uploads\/2025\/06\/49534661696_06ec98d40c_k-300x200.jpg 300w, https:\/\/concomitentes.org\/wp-content\/uploads\/2025\/06\/49534661696_06ec98d40c_k-1024x683.jpg 1024w, https:\/\/concomitentes.org\/wp-content\/uploads\/2025\/06\/49534661696_06ec98d40c_k.jpg 2048w\" sizes=\"auto, (max-width: 1200px) 100vw, 1200px\" \/>                      \r\n                      <div class=\"bl-texto\">  \r\n                        <h3 class=\"bl-titulo\">Biblioteca Bellas Artes UCM<\/h3>                        \r\n                      <\/div>\r\n                    <\/div>                    \r\n                    <p class=\"subtitulo mt-3\"><strong>La concomitancia de la Biblioteca de la Facultad de Bellas Artes de la Universidad Complutense de Madrid surge a partir del acercamiento de un grupo de bibliotecarios de este espacio [&hellip;]<\/strong><\/p>\r\n                  <\/div>\r\n                <\/a>\r\n              <\/div>\r\n                  <div class=\" col-12 col-md-6 col-lg-6 mb-5\">\r\n                <a href=\"https:\/\/concomitentes.org\/en\/concomitancias\/monte-comun\/\" rel=\"bookmark\" title=\"Tierra Com\u00fan\" class=\"bl-enlace\">\r\n                  <div class=\"bl-inner \">              \r\n                    <div class=\"bl-image\">\r\n                      <img loading=\"lazy\" decoding=\"async\" width=\"1200\" height=\"800\" src=\"https:\/\/concomitentes.org\/wp-content\/uploads\/2025\/06\/54085572565_f793cf2a27_o-1200x800.jpg\" class=\"basic-thumb wp-post-image\" alt=\"Tierra Com\u00fan\" srcset=\"https:\/\/concomitentes.org\/wp-content\/uploads\/2025\/06\/54085572565_f793cf2a27_o-1200x800.jpg 1200w, https:\/\/concomitentes.org\/wp-content\/uploads\/2025\/06\/54085572565_f793cf2a27_o-600x400.jpg 600w, https:\/\/concomitentes.org\/wp-content\/uploads\/2025\/06\/54085572565_f793cf2a27_o-1536x1024.jpg 1536w, https:\/\/concomitentes.org\/wp-content\/uploads\/2025\/06\/54085572565_f793cf2a27_o-768x512.jpg 768w, https:\/\/concomitentes.org\/wp-content\/uploads\/2025\/06\/54085572565_f793cf2a27_o-900x600.jpg 900w, https:\/\/concomitentes.org\/wp-content\/uploads\/2025\/06\/54085572565_f793cf2a27_o-300x200.jpg 300w, https:\/\/concomitentes.org\/wp-content\/uploads\/2025\/06\/54085572565_f793cf2a27_o-1024x683.jpg 1024w, https:\/\/concomitentes.org\/wp-content\/uploads\/2025\/06\/54085572565_f793cf2a27_o.jpg 2048w\" sizes=\"auto, (max-width: 1200px) 100vw, 1200px\" \/>                      \r\n                      <div class=\"bl-texto\">  \r\n                        <h3 class=\"bl-titulo\">Tierra Com\u00fan<\/h3>                        \r\n                      <\/div>\r\n                    <\/div>                    \r\n                    <p class=\"subtitulo mt-3\"><strong>El objetivo de este proyecto, -incluido dentro de Art Living Lab for Sustainability, un programa financiado por Europa Creativa para facilitar ecosistemas de innovaci\u00f3n y obtener soluciones art\u00edsticas basadas en [&hellip;]<\/strong><\/p>\r\n                  <\/div>\r\n                <\/a>\r\n              <\/div>\r\n                  <div class=\" col-12 col-md-6 col-lg-6 mb-5\">\r\n                <a href=\"https:\/\/concomitentes.org\/en\/concomitancias\/legado-cuidado\/\" rel=\"bookmark\" title=\"Legado Cuidado\" class=\"bl-enlace\">\r\n                  <div class=\"bl-inner \">              \r\n                    <div class=\"bl-image\">\r\n                      <img loading=\"lazy\" decoding=\"async\" width=\"1200\" height=\"800\" src=\"https:\/\/concomitentes.org\/wp-content\/uploads\/2025\/06\/53771009284_1381e38698_k-1200x800.jpg\" class=\"basic-thumb wp-post-image\" alt=\"Legado Cuidado\" srcset=\"https:\/\/concomitentes.org\/wp-content\/uploads\/2025\/06\/53771009284_1381e38698_k-1200x800.jpg 1200w, https:\/\/concomitentes.org\/wp-content\/uploads\/2025\/06\/53771009284_1381e38698_k-600x400.jpg 600w, https:\/\/concomitentes.org\/wp-content\/uploads\/2025\/06\/53771009284_1381e38698_k-1536x1024.jpg 1536w, https:\/\/concomitentes.org\/wp-content\/uploads\/2025\/06\/53771009284_1381e38698_k-768x512.jpg 768w, https:\/\/concomitentes.org\/wp-content\/uploads\/2025\/06\/53771009284_1381e38698_k-900x600.jpg 900w, https:\/\/concomitentes.org\/wp-content\/uploads\/2025\/06\/53771009284_1381e38698_k-300x200.jpg 300w, https:\/\/concomitentes.org\/wp-content\/uploads\/2025\/06\/53771009284_1381e38698_k-1024x683.jpg 1024w, https:\/\/concomitentes.org\/wp-content\/uploads\/2025\/06\/53771009284_1381e38698_k.jpg 2048w\" sizes=\"auto, (max-width: 1200px) 100vw, 1200px\" \/>                      \r\n                      <div class=\"bl-texto\">  \r\n                        <h3 class=\"bl-titulo\">Legado Cuidado<\/h3>                        \r\n                      <\/div>\r\n                    <\/div>                    \r\n                    <p class=\"subtitulo mt-3\"><strong>Entre finales del Siglo XIX y el primer tercio del Siglo XX, unos indianos crean en Betanzos (A Coru\u00f1a) El Pasatiempo, un parque enciclop\u00e9dico, adem\u00e1s de la Casa del Pueblo, [&hellip;]<\/strong><\/p>\r\n                  <\/div>\r\n                <\/a>\r\n              <\/div>\r\n                  <div class=\" col-12 col-md-6 col-lg-6 mb-5\">\r\n                <a href=\"https:\/\/concomitentes.org\/en\/concomitancias\/llanos\/\" rel=\"bookmark\" title=\"Aguas vivas\" class=\"bl-enlace\">\r\n                  <div class=\"bl-inner \">              \r\n                    <div class=\"bl-image\">\r\n                      <img loading=\"lazy\" decoding=\"async\" width=\"1200\" height=\"900\" src=\"https:\/\/concomitentes.org\/wp-content\/uploads\/2025\/06\/whatsapp-image-2023-06-30-at-10.56.31-1200x900.jpeg\" class=\"basic-thumb wp-post-image\" alt=\"Aguas vivas\" srcset=\"https:\/\/concomitentes.org\/wp-content\/uploads\/2025\/06\/whatsapp-image-2023-06-30-at-10.56.31-1200x900.jpeg 1200w, https:\/\/concomitentes.org\/wp-content\/uploads\/2025\/06\/whatsapp-image-2023-06-30-at-10.56.31-600x450.jpeg 600w, https:\/\/concomitentes.org\/wp-content\/uploads\/2025\/06\/whatsapp-image-2023-06-30-at-10.56.31-1365x1024.jpeg 1365w, https:\/\/concomitentes.org\/wp-content\/uploads\/2025\/06\/whatsapp-image-2023-06-30-at-10.56.31-768x576.jpeg 768w, https:\/\/concomitentes.org\/wp-content\/uploads\/2025\/06\/whatsapp-image-2023-06-30-at-10.56.31-1536x1152.jpeg 1536w, https:\/\/concomitentes.org\/wp-content\/uploads\/2025\/06\/whatsapp-image-2023-06-30-at-10.56.31-900x675.jpeg 900w, https:\/\/concomitentes.org\/wp-content\/uploads\/2025\/06\/whatsapp-image-2023-06-30-at-10.56.31-300x225.jpeg 300w, https:\/\/concomitentes.org\/wp-content\/uploads\/2025\/06\/whatsapp-image-2023-06-30-at-10.56.31-1024x768.jpeg 1024w, https:\/\/concomitentes.org\/wp-content\/uploads\/2025\/06\/whatsapp-image-2023-06-30-at-10.56.31.jpeg 1824w\" sizes=\"auto, (max-width: 1200px) 100vw, 1200px\" \/>                      \r\n                      <div class=\"bl-texto\">  \r\n                        <h3 class=\"bl-titulo\">Aguas vivas<\/h3>                        \r\n                      <\/div>\r\n                    <\/div>                    \r\n                    <p class=\"subtitulo mt-3\"><strong>Llanos de Penagos es un peque\u00f1o pueblo situado en los Valles Pasiegos de Cantabria que cuenta con un valioso patrimonio cultural y natural forjado a lo largo del tiempo gracias [&hellip;]<\/strong><\/p>\r\n                  <\/div>\r\n                <\/a>\r\n              <\/div>\r\n                  <div class=\" col-12 col-md-6 col-lg-6 mb-5\">\r\n                <a href=\"https:\/\/concomitentes.org\/en\/concomitancias\/interdependencias\/\" rel=\"bookmark\" title=\"Interdependencias\" class=\"bl-enlace\">\r\n                  <div class=\"bl-inner \">              \r\n                    <div class=\"bl-image\">\r\n                      <img loading=\"lazy\" decoding=\"async\" width=\"1200\" height=\"800\" src=\"https:\/\/concomitentes.org\/wp-content\/uploads\/2026\/03\/00-1200x800.jpg\" class=\"basic-thumb wp-post-image\" alt=\"Interdependencias\" srcset=\"https:\/\/concomitentes.org\/wp-content\/uploads\/2026\/03\/00-1200x800.jpg 1200w, https:\/\/concomitentes.org\/wp-content\/uploads\/2026\/03\/00-1536x1024.jpg 1536w, https:\/\/concomitentes.org\/wp-content\/uploads\/2026\/03\/00-768x512.jpg 768w, https:\/\/concomitentes.org\/wp-content\/uploads\/2026\/03\/00-2048x1365.jpg 2048w, https:\/\/concomitentes.org\/wp-content\/uploads\/2026\/03\/00-18x12.jpg 18w, https:\/\/concomitentes.org\/wp-content\/uploads\/2026\/03\/00-600x400.jpg 600w\" sizes=\"auto, (max-width: 1200px) 100vw, 1200px\" \/>                      \r\n                      <div class=\"bl-texto\">  \r\n                        <h3 class=\"bl-titulo\">Interdependencias<\/h3>                        \r\n                      <\/div>\r\n                    <\/div>                    \r\n                    <p class=\"subtitulo mt-3\"><strong>Interdependencias activa un proceso de mediaci\u00f3n art\u00edstica a trav\u00e9s de la asociaci\u00f3n Ambar con la idea de avanzar en modelos de vida no institucionalizados de las personas con diversidad funcional. [&hellip;]<\/strong><\/p>\r\n                  <\/div>\r\n                <\/a>\r\n              <\/div>\r\n                  <div class=\" col-12 col-md-6 col-lg-6 mb-5\">\r\n                <a href=\"https:\/\/concomitentes.org\/en\/concomitancias\/diversorium\/\" rel=\"bookmark\" title=\"Diversorium\" class=\"bl-enlace\">\r\n                  <div class=\"bl-inner \">              \r\n                    <div class=\"bl-image\">\r\n                      <img loading=\"lazy\" decoding=\"async\" width=\"1200\" height=\"800\" src=\"https:\/\/concomitentes.org\/wp-content\/uploads\/2025\/06\/52406270620_5301a9da15_k-1200x800.jpg\" class=\"basic-thumb wp-post-image\" alt=\"Diversorium\" srcset=\"https:\/\/concomitentes.org\/wp-content\/uploads\/2025\/06\/52406270620_5301a9da15_k-1200x800.jpg 1200w, https:\/\/concomitentes.org\/wp-content\/uploads\/2025\/06\/52406270620_5301a9da15_k-600x400.jpg 600w, https:\/\/concomitentes.org\/wp-content\/uploads\/2025\/06\/52406270620_5301a9da15_k-1536x1024.jpg 1536w, https:\/\/concomitentes.org\/wp-content\/uploads\/2025\/06\/52406270620_5301a9da15_k-768x512.jpg 768w, https:\/\/concomitentes.org\/wp-content\/uploads\/2025\/06\/52406270620_5301a9da15_k-900x600.jpg 900w, https:\/\/concomitentes.org\/wp-content\/uploads\/2025\/06\/52406270620_5301a9da15_k-300x200.jpg 300w, https:\/\/concomitentes.org\/wp-content\/uploads\/2025\/06\/52406270620_5301a9da15_k-1024x683.jpg 1024w, https:\/\/concomitentes.org\/wp-content\/uploads\/2025\/06\/52406270620_5301a9da15_k.jpg 2048w\" sizes=\"auto, (max-width: 1200px) 100vw, 1200px\" \/>                      \r\n                      <div class=\"bl-texto\">  \r\n                        <h3 class=\"bl-titulo\">Diversorium<\/h3>                        \r\n                      <\/div>\r\n                    <\/div>                    \r\n                    <p class=\"subtitulo mt-3\"><strong>El punto de partida de este proyecto arranca desde el deseo com\u00fan que expresan dos activistas, Antonio Centeno y Mar\u00eda Oliver de la OVI-Oficina por la Vida Independiente, para que [&hellip;]<\/strong><\/p>\r\n                  <\/div>\r\n                <\/a>\r\n              <\/div>\r\n                  <div class=\" col-12 col-md-6 col-lg-6 mb-5\">\r\n                <a href=\"https:\/\/concomitentes.org\/en\/concomitancias\/uci-pediatrica-tenerife\/\" rel=\"bookmark\" title=\"UCI Pedi\u00e1trica\" class=\"bl-enlace\">\r\n                  <div class=\"bl-inner \">              \r\n                    <div class=\"bl-image\">\r\n                      <img loading=\"lazy\" decoding=\"async\" width=\"1200\" height=\"812\" src=\"https:\/\/concomitentes.org\/wp-content\/uploads\/2025\/06\/52973742596_a9eab90c19_k-1200x812.jpg\" class=\"basic-thumb wp-post-image\" alt=\"UCI Pedi\u00e1trica\" srcset=\"https:\/\/concomitentes.org\/wp-content\/uploads\/2025\/06\/52973742596_a9eab90c19_k-1200x812.jpg 1200w, https:\/\/concomitentes.org\/wp-content\/uploads\/2025\/06\/52973742596_a9eab90c19_k-600x406.jpg 600w, https:\/\/concomitentes.org\/wp-content\/uploads\/2025\/06\/52973742596_a9eab90c19_k-1514x1024.jpg 1514w, https:\/\/concomitentes.org\/wp-content\/uploads\/2025\/06\/52973742596_a9eab90c19_k-768x519.jpg 768w, https:\/\/concomitentes.org\/wp-content\/uploads\/2025\/06\/52973742596_a9eab90c19_k-1536x1039.jpg 1536w, https:\/\/concomitentes.org\/wp-content\/uploads\/2025\/06\/52973742596_a9eab90c19_k-900x609.jpg 900w, https:\/\/concomitentes.org\/wp-content\/uploads\/2025\/06\/52973742596_a9eab90c19_k-300x203.jpg 300w, https:\/\/concomitentes.org\/wp-content\/uploads\/2025\/06\/52973742596_a9eab90c19_k-1024x693.jpg 1024w, https:\/\/concomitentes.org\/wp-content\/uploads\/2025\/06\/52973742596_a9eab90c19_k.jpg 2048w\" sizes=\"auto, (max-width: 1200px) 100vw, 1200px\" \/>                      \r\n                      <div class=\"bl-texto\">  \r\n                        <h3 class=\"bl-titulo\">UCI Pedi\u00e1trica<\/h3>                        \r\n                      <\/div>\r\n                    <\/div>                    \r\n                    <p class=\"subtitulo mt-3\"><strong>El trabajo del personal de enfermer\u00eda que trabaja al cuidado de los ni\u00f1os y ni\u00f1as en la UCI Pedi\u00e1trica va mucho m\u00e1s all\u00e1 de una mera labor vinculada a la [&hellip;]<\/strong><\/p>\r\n                  <\/div>\r\n                <\/a>\r\n              <\/div>\r\n                <\/div>\r\n              <\/div>\r\n    <\/div>\r\n    \r\n      \r\n  <\/section>\r\n\r\n      \r\n\r\n\r\n\n<\/div>\n          \n                            \n        <\/div>\n    <\/div>\n<\/section>\n","protected":false},"excerpt":{"rendered":"","protected":false},"author":1,"featured_media":0,"parent":0,"menu_order":20,"comment_status":"closed","ping_status":"closed","template":"","meta":{"_acf_changed":false,"footnotes":""},"class_list":["post-128","page","type-page","status-publish","hentry"],"acf":[],"yoast_head":"<!-- This site is optimized with the Yoast SEO plugin v27.5 - https:\/\/yoast.com\/product\/yoast-seo-wordpress\/ -->\n<title>Concomitancias - Concomitentes<\/title>\n<meta name=\"robots\" content=\"index, follow, max-snippet:-1, max-image-preview:large, max-video-preview:-1\" \/>\n<link rel=\"canonical\" href=\"https:\/\/concomitentes.org\/en\/concomitances\/\" \/>\n<meta property=\"og:locale\" content=\"en_GB\" \/>\n<meta property=\"og:type\" content=\"article\" \/>\n<meta property=\"og:title\" content=\"Concomitancias - Concomitentes\" \/>\n<meta property=\"og:url\" content=\"https:\/\/concomitentes.org\/en\/concomitances\/\" \/>\n<meta property=\"og:site_name\" content=\"Concomitentes\" \/>\n<meta property=\"article:modified_time\" content=\"2025-07-08T10:26:58+00:00\" \/>\n<meta name=\"twitter:card\" content=\"summary_large_image\" \/>\n<script type=\"application\/ld+json\" class=\"yoast-schema-graph\">{\"@context\":\"https:\\\/\\\/schema.org\",\"@graph\":[{\"@type\":\"WebPage\",\"@id\":\"https:\\\/\\\/concomitentes.org\\\/concomitancias\\\/\",\"url\":\"https:\\\/\\\/concomitentes.org\\\/concomitancias\\\/\",\"name\":\"Concomitancias - Concomitentes\",\"isPartOf\":{\"@id\":\"https:\\\/\\\/concomitentes.org\\\/en\\\/#website\"},\"datePublished\":\"2025-06-23T09:07:16+00:00\",\"dateModified\":\"2025-07-08T10:26:58+00:00\",\"breadcrumb\":{\"@id\":\"https:\\\/\\\/concomitentes.org\\\/concomitancias\\\/#breadcrumb\"},\"inLanguage\":\"en-GB\",\"potentialAction\":[{\"@type\":\"ReadAction\",\"target\":[\"https:\\\/\\\/concomitentes.org\\\/concomitancias\\\/\"]}]},{\"@type\":\"BreadcrumbList\",\"@id\":\"https:\\\/\\\/concomitentes.org\\\/concomitancias\\\/#breadcrumb\",\"itemListElement\":[{\"@type\":\"ListItem\",\"position\":1,\"name\":\"Portada\",\"item\":\"https:\\\/\\\/concomitentes.org\\\/\"},{\"@type\":\"ListItem\",\"position\":2,\"name\":\"Concomitancias\"}]},{\"@type\":\"WebSite\",\"@id\":\"https:\\\/\\\/concomitentes.org\\\/en\\\/#website\",\"url\":\"https:\\\/\\\/concomitentes.org\\\/en\\\/\",\"name\":\"Concomitentes\",\"description\":\"Concomitentes promueve la creaci\u00f3n de obras de arte y media entre la sociedad civil que las encarga y los\\\/las artistas que las producen.\",\"potentialAction\":[{\"@type\":\"SearchAction\",\"target\":{\"@type\":\"EntryPoint\",\"urlTemplate\":\"https:\\\/\\\/concomitentes.org\\\/en\\\/?s={search_term_string}\"},\"query-input\":{\"@type\":\"PropertyValueSpecification\",\"valueRequired\":true,\"valueName\":\"search_term_string\"}}],\"inLanguage\":\"en-GB\"}]}<\/script>\n<!-- \/ Yoast SEO plugin. -->","yoast_head_json":{"title":"Concomitances - Concomitants","robots":{"index":"index","follow":"follow","max-snippet":"max-snippet:-1","max-image-preview":"max-image-preview:large","max-video-preview":"max-video-preview:-1"},"canonical":"https:\/\/concomitentes.org\/en\/concomitances\/","og_locale":"en_GB","og_type":"article","og_title":"Concomitancias - Concomitentes","og_url":"https:\/\/concomitentes.org\/en\/concomitances\/","og_site_name":"Concomitentes","article_modified_time":"2025-07-08T10:26:58+00:00","twitter_card":"summary_large_image","schema":{"@context":"https:\/\/schema.org","@graph":[{"@type":"WebPage","@id":"https:\/\/concomitentes.org\/concomitancias\/","url":"https:\/\/concomitentes.org\/concomitancias\/","name":"Concomitances - Concomitants","isPartOf":{"@id":"https:\/\/concomitentes.org\/en\/#website"},"datePublished":"2025-06-23T09:07:16+00:00","dateModified":"2025-07-08T10:26:58+00:00","breadcrumb":{"@id":"https:\/\/concomitentes.org\/concomitancias\/#breadcrumb"},"inLanguage":"en-GB","potentialAction":[{"@type":"ReadAction","target":["https:\/\/concomitentes.org\/concomitancias\/"]}]},{"@type":"BreadcrumbList","@id":"https:\/\/concomitentes.org\/concomitancias\/#breadcrumb","itemListElement":[{"@type":"ListItem","position":1,"name":"Portada","item":"https:\/\/concomitentes.org\/"},{"@type":"ListItem","position":2,"name":"Concomitancias"}]},{"@type":"WebSite","@id":"https:\/\/concomitentes.org\/en\/#website","url":"https:\/\/concomitentes.org\/en\/","name":"Concomitentes","description":"Concomitentes promotes the creation of works of art and mediates between the civil society that commissions them and the artists who produce them.","potentialAction":[{"@type":"SearchAction","target":{"@type":"EntryPoint","urlTemplate":"https:\/\/concomitentes.org\/en\/?s={search_term_string}"},"query-input":{"@type":"PropertyValueSpecification","valueRequired":true,"valueName":"search_term_string"}}],"inLanguage":"en-GB"}]}},"_links":{"self":[{"href":"https:\/\/concomitentes.org\/en\/wp-json\/wp\/v2\/pages\/128","targetHints":{"allow":["GET"]}}],"collection":[{"href":"https:\/\/concomitentes.org\/en\/wp-json\/wp\/v2\/pages"}],"about":[{"href":"https:\/\/concomitentes.org\/en\/wp-json\/wp\/v2\/types\/page"}],"author":[{"embeddable":true,"href":"https:\/\/concomitentes.org\/en\/wp-json\/wp\/v2\/users\/1"}],"replies":[{"embeddable":true,"href":"https:\/\/concomitentes.org\/en\/wp-json\/wp\/v2\/comments?post=128"}],"version-history":[{"count":5,"href":"https:\/\/concomitentes.org\/en\/wp-json\/wp\/v2\/pages\/128\/revisions"}],"predecessor-version":[{"id":1616,"href":"https:\/\/concomitentes.org\/en\/wp-json\/wp\/v2\/pages\/128\/revisions\/1616"}],"wp:attachment":[{"href":"https:\/\/concomitentes.org\/en\/wp-json\/wp\/v2\/media?parent=128"}],"curies":[{"name":"wp","href":"https:\/\/api.w.org\/{rel}","templated":true}]}}