{"id":119,"date":"2025-06-23T09:05:12","date_gmt":"2025-06-23T09:05:12","guid":{"rendered":"http:\/\/concomitentes.vl22350.dinaserver.com\/?page_id=119"},"modified":"2026-02-02T14:08:37","modified_gmt":"2026-02-02T14:08:37","slug":"which-is-concomitant","status":"publish","type":"page","link":"https:\/\/concomitentes.org\/en\/que-es-concomitentes\/","title":{"rendered":"What is Concomitentes?"},"content":{"rendered":"<section class=\"bloque-contenedor    transparente\"   id=\"\">\n\n    <div class=\"container\">\n        <div class=\"\"> \n                                \n\n                <div class=\"acf-innerblocks-container\">\n\n<p class=\"destacado espacio2\">An opportunity to become a promoter of a work of art<\/p>\n\n\n\n<div class=\"wp-block-columns is-layout-flex wp-container-core-columns-is-layout-9d6595d7 wp-block-columns-is-layout-flex\">\n<div class=\"wp-block-column is-layout-flow wp-block-column-is-layout-flow\">\n<p>We invite groups from civil society to become promoters, \"comitentes\", of a work of art. Everyone can be a commissioner, all you need is an idea and the desire to make it a reality.<\/p>\n<\/div>\n\n\n\n<div class=\"wp-block-column is-layout-flow wp-block-column-is-layout-flow\">\n<p>Constituents can be, for example, the members of a popular association, a neighbourhood initiative, colleagues at work or simply a collective united by a common cause.<\/p>\n<\/div>\n\n\n\n<div class=\"wp-block-column is-layout-flow wp-block-column-is-layout-flow\">\n<p>The desire to reactivate a once emblematic square or the resolution of a conflict was the trigger for a group of commissioners to negotiate with an artist to respond to this initial motivation through a work of art.<\/p>\n<\/div>\n<\/div>\n\n<\/div>\n          \n                            \n        <\/div>\n    <\/div>\n<\/section>\n\n\n\n    \n\n<section class=\"bloque-contenedor    transparente-my\"   id=\"\">\n\n    <div class=\"container\">\n        <div class=\"\"> \n                                \n\n                <div class=\"acf-innerblocks-container\">\n\n<h2 class=\"wp-block-heading\">How does it work?<\/h2>\n\n\n\n<p class=\"destacado espacio1\">A mediated negotiation between citizen promoters and artists.<\/p>\n\n\n\n<div class=\"wp-block-columns is-layout-flex wp-container-core-columns-is-layout-9d6595d7 wp-block-columns-is-layout-flex\">\n<div class=\"wp-block-column is-layout-flow wp-block-column-is-layout-flow\">\n<p>Any citizen's collective that has an idea or a desire for their community and the interest in dealing with it in an artistic way could initiate a project with us.<\/p>\n<\/div>\n\n\n\n<div class=\"wp-block-column is-layout-flow wp-block-column-is-layout-flow\">\n<p>If it is concluded that there is a real interest in the context and a consolidated and committed group of principals, a mediator would join the collective to accompany it in the development of the project.<\/p>\n<\/div>\n\n\n\n<div class=\"wp-block-column is-layout-flow wp-block-column-is-layout-flow\">\n<p>They would jointly delve into the initial problem and would then translate it into a commission for an artist to activate a production of a work resulting from this joint negotiation.<\/p>\n<\/div>\n<\/div>\n\n<\/div>\n          \n                            \n        <\/div>\n    <\/div>\n<\/section>\n\n\n\n    \n\n<section class=\"bloque-contenedor    transparente-my\"   id=\"\">\n\n    <div class=\"container\">\n        <div class=\"\"> \n                                \n\n                <div class=\"acf-innerblocks-container\">\n\n<h2 class=\"wp-block-heading\">Why a work of art?<\/h2>\n\n\n\n<p class=\"destacado espacio0\">Art makes understanding possible where words are lacking.<\/p>\n\n\n\n<div class=\"wp-block-columns is-layout-flex wp-container-core-columns-is-layout-9d6595d7 wp-block-columns-is-layout-flex\">\n<div class=\"wp-block-column is-layout-flow wp-block-column-is-layout-flow\">\n<p>At the start of each concomitance is a work proposal from a group of citizens, and their conviction that it is not only relevant to their collective but also to the context in which it is situated.<\/p>\n<\/div>\n\n\n\n<div class=\"wp-block-column is-layout-flow wp-block-column-is-layout-flow\">\n<p>At the start of each concomitance is a work proposal from a group of citizens, and their conviction that it is not only relevant to their collective but also to the context in which it is situated.<\/p>\n<\/div>\n\n\n\n<div class=\"wp-block-column is-layout-flow wp-block-column-is-layout-flow\">\n<p>Embarking on a project for the joint creation of a work of art requires a high degree of commitment from all the parties involved, as two or more years may pass from the first contact to the formalisation of the work. But, through this path, it is possible to generate a work of art with an affective link to the context that surrounds it.<\/p>\n<\/div>\n<\/div>\n\n<\/div>\n          \n                            \n        <\/div>\n    <\/div>\n<\/section>\n\n\n\n    \n\n<section class=\"bloque-contenedor    transparente-my\"   id=\"\">\n\n    <div class=\"container\">\n        <div class=\"\"> \n                                \n\n                <div class=\"acf-innerblocks-container\">\n\n<h2 class=\"wp-block-heading\">What if I want to be a client?<\/h2>\n\n\n\n<p class=\"destacado espacio2\">The client can be any group of people united by a common problem that affects their immediate context. All you need is an idea and the will to make it happen.<\/p>\n\n\n\n<div class=\"wp-block-columns is-layout-flex wp-container-core-columns-is-layout-9d6595d7 wp-block-columns-is-layout-flex\">\n<div class=\"wp-block-column is-layout-flow wp-block-column-is-layout-flow\">\n<p>For example, a group of people from Hernani who wanted to reflect on the use of gender in the naming of streets in their town, or&nbsp;<a href=\"http:\/\/www.nouveauxcommanditaires.eu\/en\/25\/71\/capsule\">a French pigeon fanciers' association<\/a>&nbsp;who promoted this age-old tradition among the youth of his region.<\/p>\n<\/div>\n\n\n\n<div class=\"wp-block-column is-layout-flow wp-block-column-is-layout-flow\">\n<p>The following were also principals&nbsp;<a href=\"https:\/\/neueauftraggeber.de\/en\/projects\/die-sieben-kunste-von-pritzwalk\">Pritzwalk neighbours<\/a>&nbsp;a town in northern Germany that was concerned about the decline of its historic centre, or&nbsp;<a href=\"https:\/\/www.atitolo.it\/project\/massimo-bartolini\/\">a group of Italian women teachers<\/a>&nbsp;who wanted to convert a disused chapel into a local archive.<\/p>\n<\/div>\n\n\n\n<div class=\"wp-block-column is-layout-flow wp-block-column-is-layout-flow\">\n<p>From 1990 to the present day, thousands of people - from all walks of life and from rural and urban areas - have commissioned more than 500 works of art.<\/p>\n<\/div>\n<\/div>\n\n<\/div>\n          \n                            \n        <\/div>\n    <\/div>\n<\/section>\n\n\n\n    \n\n<section class=\"bloque-contenedor    transparente-my\"   id=\"\">\n\n    <div class=\"container\">\n        <div class=\"\"> \n                                \n\n                <div class=\"acf-innerblocks-container\">\n\n<h2 class=\"wp-block-heading\">What do mediators do?<\/h2>\n\n\n\n<p class=\"destacado espacio2\">A project accompaniment from start to finish.<\/p>\n\n\n\n<div class=\"wp-block-columns is-layout-flex wp-container-core-columns-is-layout-9d6595d7 wp-block-columns-is-layout-flex\">\n<div class=\"wp-block-column is-layout-flow wp-block-column-is-layout-flow\">\n<p>Concomitentes mediators, in addition to their knowledge of contemporary art, have a special sensitivity for mediating in participatory processes.<\/p>\n<\/div>\n\n\n\n<div class=\"wp-block-column is-layout-flow wp-block-column-is-layout-flow\">\n<p>They know the social context of the projects and are in permanent contact with the different agents that operate in it, from public administrations to neighbourhood initiatives. They listen, investigate and - based on this experience - choose, together with the group of commissioners, the artistic proposal.<\/p>\n<\/div>\n\n\n\n<div class=\"wp-block-column is-layout-flow wp-block-column-is-layout-flow\">\n<p>They help shape the artistic proposal, suggest artists, coordinate production and negotiate with the parties involved. Their aim is to ensure that everyone involved in the project is satisfied with the resulting work.<\/p>\n<\/div>\n<\/div>\n\n<\/div>\n          \n                            \n        <\/div>\n    <\/div>\n<\/section>\n\n\n\n    \n\n<section class=\"bloque-contenedor    transparente-my\"   id=\"\">\n\n    <div class=\"container\">\n        <div class=\"\"> \n                                \n\n                <div class=\"acf-innerblocks-container\">\n\n<h2 class=\"wp-block-heading\">Who are the artists?<\/h2>\n\n\n\n<p class=\"destacado espacio1\">Professionals with their own artistic discourse and language.<\/p>\n\n\n\n<div class=\"wp-block-columns is-layout-flex wp-container-core-columns-is-layout-9d6595d7 wp-block-columns-is-layout-flex\">\n<div class=\"wp-block-column is-layout-flow wp-block-column-is-layout-flow\">\n<p>The artists are professionals of recognised prestige, capable of developing their vision in close harmony with the group of commissioners. Regardless of the artistic field they come from, they take the commission as a starting point from which to bring new approaches to artistic production.<\/p>\n<\/div>\n\n\n\n<div class=\"wp-block-column is-layout-flow wp-block-column-is-layout-flow\">\n<p>In Concomitentes, tangible works have been carried out such as the construction of a house-museum or&nbsp;<a href=\"http:\/\/www.nouveauxcommanditaires.eu\/en\/25\/70\/le-bl%C3%A9-en-herbe-school\">the reform of a school<\/a>. But awareness campaigns have also been designed, awareness campaigns have been designed, awareness campaigns have been set up, awareness campaigns have been set up and awareness campaigns have been set up.&nbsp;<a href=\"http:\/\/www.nouveauxcommanditaires.eu\/en\/25\/31\/veemarkt-kortrijk\">public sculptures<\/a>engraving, engraving&nbsp;<a href=\"http:\/\/www.nouveauxcommanditaires.eu\/en\/25\/326\/figures-impos%C3%A9es\">video parts<\/a>, made up of&nbsp;<a href=\"http:\/\/www.nouveauxcommanditaires.eu\/en\/25\/45\/ar%C3%A8nes-musique-pour-la-course-camarguaise\">musical pieces<\/a>&nbsp;and devised&nbsp;<a href=\"http:\/\/www.nouveauxcommanditaires.eu\/en\/25\/320\/floating-drops\">immaterial works<\/a>&nbsp;that live on in the memories of the people involved.<\/p>\n<\/div>\n\n\n\n<div class=\"wp-block-column is-layout-flow wp-block-column-is-layout-flow\">\n<p>The suitability of the resulting work, as well as its social acceptance, depends on the willingness of the entire network created around the project to contribute their knowledge and encourage joint collaboration.<\/p>\n<\/div>\n<\/div>\n\n<\/div>\n          \n                            \n        <\/div>\n    <\/div>\n<\/section>\n\n\n\n    \n\n<section class=\"bloque-contenedor    transparente-my\"   id=\"\">\n\n    <div class=\"container\">\n        <div class=\"\"> \n                                \n\n                <div class=\"acf-innerblocks-container\">\n\n<h2 class=\"wp-block-heading\">How do we govern ourselves?<\/h2>\n\n\n\n<div class=\"wp-block-columns is-layout-flex wp-container-core-columns-is-layout-9d6595d7 wp-block-columns-is-layout-flex\">\n<div class=\"wp-block-column is-layout-flow wp-block-column-is-layout-flow\">\n<p>Concomitentes is a non-profit cultural production company, founded in June 2018, by&nbsp;<strong>Fran Quiroga<\/strong>The current co-ordinator,&nbsp;<strong>Felipe G. Gil&nbsp;<\/strong>(ZEMOS98),&nbsp;<strong>Veronica Valentini<\/strong>&nbsp;y&nbsp;<strong>S\u00f6ren Meschede<\/strong>together with&nbsp;<strong>Julia Morandeira<\/strong>.<\/p>\n<\/div>\n\n\n\n<div class=\"wp-block-column is-layout-flow wp-block-column-is-layout-flow\">\n<p>In addition to the founding members and members of the board of directors, Concomitentes has a board of trustees that oversees the mission and vision of the entity, and which is composed by&nbsp;<strong>Soledad Guti\u00e9rrez<\/strong>art curator;&nbsp;<strong>Antonella Broglia<\/strong>Italian publicist, cultural promoter, trainer, lecturer, TV presenter and actress, expert in political communication, public speaking, entrepreneurship and social innovation;&nbsp;<strong>Tere Badia<\/strong>Secretary General of Culture Action Europe until 2022;&nbsp;<strong>Anastassia Makridou-Bretonneau<\/strong>Nouveaux Commanditaires de la Fondation de France, mediator;&nbsp;<strong>Arantxa Mendiharat<\/strong>co-founder of Deliberativa; and the lecturer in the Department of Art History at the Complutense University of Madrid,&nbsp;<strong>Selina Blasco<\/strong>.<\/p>\n<\/div>\n\n\n\n<div class=\"wp-block-column is-layout-flow wp-block-column-is-layout-flow\">\n<p>The project puts at the centre the constant accountability of its work and activities, through a&nbsp;<strong>active intersection with citizenship<\/strong>The project is in line with the needs and social urgencies of the environment in which it operates and contributes to the change and evolution of society through the tools and resources provided by art and culture.<\/p>\n<\/div>\n<\/div>\n\n<\/div>\n          \n                            \n        <\/div>\n    <\/div>\n<\/section>\n\n\n\n    \n\n<section class=\"bloque-contenedor    transparente-my\"   id=\"\">\n\n    <div class=\"container\">\n        <div class=\"\"> \n                                \n\n                <div class=\"acf-innerblocks-container\">\n\n<h2 class=\"wp-block-heading\">Who finances it?<\/h2>\n\n\n\n<p class=\"destacado espacio0\">Concomitentes is maintained through private and public support and subsidies.<\/p>\n\n\n\n<div class=\"wp-block-columns is-layout-flex wp-container-core-columns-is-layout-9d6595d7 wp-block-columns-is-layout-flex\">\n<div class=\"wp-block-column is-layout-flow wp-block-column-is-layout-flow\">\n<p>The&nbsp;<a href=\"https:\/\/www.fondationcarasso.org\/es\/\">Daniel and Nina Carasso Foundation<\/a>&nbsp;is the founding patron and strategic ally of the project.&nbsp;<a href=\"http:\/\/www.nouveauxcommanditaires.eu\/\">New Commanders<\/a>Concomitentes is the driving force behind the initiative in Spain. Concomitentes starts with a solid support that guarantees the basic financing of four national partnerships, as well as the organisational structure of the project, even though the realisation of the works requires alternative financial support.<\/p>\n<\/div>\n\n\n\n<div class=\"wp-block-column is-layout-flow wp-block-column-is-layout-flow\">\n<p>In this phase, the mediators also look for possible sponsors in local, regional or central administrations, as well as private patrons. The groups of patrons do not provide money, but act as promoters of their own idea and propose possible allies who can contribute to the production of the work.<\/p>\n<\/div>\n\n\n\n<div class=\"wp-block-column is-layout-flow wp-block-column-is-layout-flow\">\n<p>The resulting work, financed by private and public subsidies, becomes the property of the group of patrons. Its value is determined by the use and symbolic importance given to it by the community in which it is inserted and by the ties and network generated as a result of the whole process.<\/p>\n<\/div>\n<\/div>\n\n<\/div>\n          \n                            \n        <\/div>\n    <\/div>\n<\/section>\n\n\n\n    \n\n<section class=\"bloque-contenedor    transparente-my\"   id=\"\">\n\n    <div class=\"container\">\n        <div class=\"\"> \n                                \n\n                <div class=\"acf-innerblocks-container\">\n\n<h2 class=\"wp-block-heading\">WE<\/h2>\n\n\n\n<p class=\"destacado espacio2\">Together we form Concomitentes, an entity that seeks to open up to new commissions that reach the whole of Spain.<\/p>\n\n\n\n<div class=\"wp-block-columns is-layout-flex wp-container-core-columns-is-layout-9d6595d7 wp-block-columns-is-layout-flex\">\n<div class=\"wp-block-column is-layout-flow wp-block-column-is-layout-flow\">\n<details class=\"wp-block-details is-layout-flow wp-block-details-is-layout-flow\"><summary><strong>Coordination office<\/strong><\/summary>\n<p><br><strong>Director, Fran Quiroga:<\/strong>\u00a0fran@concomitentes.org<br><br><strong>Programme Officer, Alicia Ruiz Mu\u00f1oz<\/strong>: alicia@concomitentes.org<br><br><strong>Responsible for alliances, Manuela Pedr\u00f3n Nicolau: <\/strong>manuela@concomitentes.org<br><br><strong>Communications Officer: Ana Escariz P\u00e9rez:<\/strong> ana@concomitentes.org<\/p>\n<\/details>\n<\/div>\n\n\n\n<div class=\"wp-block-column is-layout-flow wp-block-column-is-layout-flow\">\n<details class=\"wp-block-details is-layout-flow wp-block-details-is-layout-flow\"><summary><strong>Mediators<\/strong><\/summary>\n<p><strong>Active:<\/strong><br><br><strong>Alfredo Escapa Presa<\/strong>, mediator of Solar Narratives and Energetic Aftermath: <a>alfredo@concomitentes.org<\/a><br><br><strong>Ana Escariz,<\/strong> mediator of Os Contos do Leite: <a>info@concomitentes.org<\/a><br><br><strong>Ana Moure<\/strong>, mediator of Os Contos do Leite: <a>info@concomitentes.org<\/a><br><br><strong>Ana Pardo<\/strong>, M\u00e9s clar que l'aigua mediator<br><br><strong>Bodyterritory <\/strong>(Chiara Sgaramella and Miriam del Saz), mediators of Connexions Metab\u00f2liques:<br>connexionsmetaboliques@concomitentes.org<br><br><strong>Felipe G. Gil<\/strong>, mediator of Paediatric ICU and Quasares: <a>felipe@concomitentes.org<\/a><br><br><strong>Fran Quiroga, <\/strong>Legacy Care mediator: <a data-type=\"link\" data-id=\"fran@concomitentes.org\" href=\"\/en\/fran@concomitentes.org\/\">fran@concomitentes.org <\/a><br><br><strong>Jose Iglesias Garc\u00eda-Arenal<\/strong>, Non plus ultra mediator: <a>jose@conomitentes.org<\/a><br><br><strong>Llori\u00e1n Garc\u00eda Fl\u00f3rez<\/strong>, mediator of Re-knowing the bush:<br>llorian@concomitentes.org<\/p>\n\n\n\n<p><strong>Massa Salvatge<\/strong> (Alba Oller, Teresa Mata and Neus Berenguer), mediators of Structures of Affection:<br>estructurasdeafecto@concomitentes.org <br><br><strong>Natalia Balseiro<\/strong>, mediator of Common Ground: <a>info@concomitentes.org<\/a><br><br><strong>Veronica Valentini<\/strong>, Diversorium's mediator: <a>veronica@concomitentes.org<\/a><br><br><strong>They have been mediators in the past:<\/strong><br><br><strong>Alejandro Alonso<\/strong>, Living Waters mediator<br><br><strong>Julia Morandeira,<\/strong> BBAA Library Mediator<br><br><strong>S\u00f6ren Meschede<\/strong>, Living Waters mediator<br><\/p>\n<\/details>\n<\/div>\n\n\n\n<div class=\"wp-block-column is-layout-flow wp-block-column-is-layout-flow\">\n<details class=\"wp-block-details is-layout-flow wp-block-details-is-layout-flow\"><summary><strong>Board of Directors<\/strong><\/summary>\n<p><br><strong>Jose Iglesias Garc\u00eda-Arenal<\/strong>, presidency: <a>jose@conomitentes.org<\/a><br><br><strong>Alfredo Escapa Presa<\/strong>, The secretariat: <a>alfredo@concomitentes.org<\/a><br><br><strong>Veronica Valentini<\/strong>, treasury: <a>veronica@concomitentes.org<\/a><br><\/p>\n<\/details>\n<\/div>\n<\/div>\n\n<\/div>\n          \n                            \n        <\/div>\n    <\/div>\n<\/section>\n\n\n\n<div class=\"wp-block-columns is-not-stacked-on-mobile is-layout-flex wp-container-core-columns-is-layout-9d6595d7 wp-block-columns-is-layout-flex\">\n<div class=\"wp-block-column is-layout-flow wp-block-column-is-layout-flow\" style=\"flex-basis:100%\">\n<div class=\"wp-block-group is-layout-grid wp-container-core-group-is-layout-8d2db683 wp-block-group-is-layout-grid\"><\/div>\n<\/div>\n<\/div>\n\n\n\n<p><\/p>","protected":false},"excerpt":{"rendered":"","protected":false},"author":1,"featured_media":0,"parent":0,"menu_order":10,"comment_status":"closed","ping_status":"closed","template":"","meta":{"_acf_changed":false,"footnotes":""},"class_list":["post-119","page","type-page","status-publish","hentry"],"acf":[],"yoast_head":"<!-- This site is optimized with the Yoast SEO plugin v27.5 - https:\/\/yoast.com\/product\/yoast-seo-wordpress\/ -->\n<title>\u00bfQu\u00e9 es Concomitentes? - Concomitentes<\/title>\n<meta name=\"robots\" content=\"index, follow, max-snippet:-1, max-image-preview:large, max-video-preview:-1\" \/>\n<link rel=\"canonical\" href=\"https:\/\/concomitentes.org\/en\/which-is-concomitant\/\" \/>\n<meta property=\"og:locale\" content=\"en_GB\" \/>\n<meta property=\"og:type\" content=\"article\" \/>\n<meta property=\"og:title\" content=\"\u00bfQu\u00e9 es Concomitentes? - Concomitentes\" \/>\n<meta property=\"og:url\" content=\"https:\/\/concomitentes.org\/en\/which-is-concomitant\/\" \/>\n<meta property=\"og:site_name\" content=\"Concomitentes\" \/>\n<meta property=\"article:modified_time\" content=\"2026-02-02T14:08:37+00:00\" \/>\n<meta name=\"twitter:card\" content=\"summary_large_image\" \/>\n<meta name=\"twitter:label1\" content=\"Estimated reading time\" \/>\n\t<meta name=\"twitter:data1\" content=\"7 minutes\" \/>\n<script type=\"application\/ld+json\" class=\"yoast-schema-graph\">{\"@context\":\"https:\\\/\\\/schema.org\",\"@graph\":[{\"@type\":\"WebPage\",\"@id\":\"https:\\\/\\\/concomitentes.org\\\/que-es-concomitentes\\\/\",\"url\":\"https:\\\/\\\/concomitentes.org\\\/que-es-concomitentes\\\/\",\"name\":\"\u00bfQu\u00e9 es Concomitentes? - Concomitentes\",\"isPartOf\":{\"@id\":\"https:\\\/\\\/concomitentes.org\\\/en\\\/#website\"},\"datePublished\":\"2025-06-23T09:05:12+00:00\",\"dateModified\":\"2026-02-02T14:08:37+00:00\",\"breadcrumb\":{\"@id\":\"https:\\\/\\\/concomitentes.org\\\/que-es-concomitentes\\\/#breadcrumb\"},\"inLanguage\":\"en-GB\",\"potentialAction\":[{\"@type\":\"ReadAction\",\"target\":[\"https:\\\/\\\/concomitentes.org\\\/que-es-concomitentes\\\/\"]}]},{\"@type\":\"BreadcrumbList\",\"@id\":\"https:\\\/\\\/concomitentes.org\\\/que-es-concomitentes\\\/#breadcrumb\",\"itemListElement\":[{\"@type\":\"ListItem\",\"position\":1,\"name\":\"Portada\",\"item\":\"https:\\\/\\\/concomitentes.org\\\/\"},{\"@type\":\"ListItem\",\"position\":2,\"name\":\"\u00bfQu\u00e9 es Concomitentes?\"}]},{\"@type\":\"WebSite\",\"@id\":\"https:\\\/\\\/concomitentes.org\\\/en\\\/#website\",\"url\":\"https:\\\/\\\/concomitentes.org\\\/en\\\/\",\"name\":\"Concomitentes\",\"description\":\"Concomitentes promueve la creaci\u00f3n de obras de arte y media entre la sociedad civil que las encarga y los\\\/las artistas que las producen.\",\"potentialAction\":[{\"@type\":\"SearchAction\",\"target\":{\"@type\":\"EntryPoint\",\"urlTemplate\":\"https:\\\/\\\/concomitentes.org\\\/en\\\/?s={search_term_string}\"},\"query-input\":{\"@type\":\"PropertyValueSpecification\",\"valueRequired\":true,\"valueName\":\"search_term_string\"}}],\"inLanguage\":\"en-GB\"}]}<\/script>\n<!-- \/ Yoast SEO plugin. -->","yoast_head_json":{"title":"What is Concomitentes? - Concomitant","robots":{"index":"index","follow":"follow","max-snippet":"max-snippet:-1","max-image-preview":"max-image-preview:large","max-video-preview":"max-video-preview:-1"},"canonical":"https:\/\/concomitentes.org\/en\/which-is-concomitant\/","og_locale":"en_GB","og_type":"article","og_title":"\u00bfQu\u00e9 es Concomitentes? - Concomitentes","og_url":"https:\/\/concomitentes.org\/en\/which-is-concomitant\/","og_site_name":"Concomitentes","article_modified_time":"2026-02-02T14:08:37+00:00","twitter_card":"summary_large_image","twitter_misc":{"Estimated reading time":"7 minutes"},"schema":{"@context":"https:\/\/schema.org","@graph":[{"@type":"WebPage","@id":"https:\/\/concomitentes.org\/que-es-concomitentes\/","url":"https:\/\/concomitentes.org\/que-es-concomitentes\/","name":"What is Concomitentes? - Concomitant","isPartOf":{"@id":"https:\/\/concomitentes.org\/en\/#website"},"datePublished":"2025-06-23T09:05:12+00:00","dateModified":"2026-02-02T14:08:37+00:00","breadcrumb":{"@id":"https:\/\/concomitentes.org\/que-es-concomitentes\/#breadcrumb"},"inLanguage":"en-GB","potentialAction":[{"@type":"ReadAction","target":["https:\/\/concomitentes.org\/que-es-concomitentes\/"]}]},{"@type":"BreadcrumbList","@id":"https:\/\/concomitentes.org\/que-es-concomitentes\/#breadcrumb","itemListElement":[{"@type":"ListItem","position":1,"name":"Portada","item":"https:\/\/concomitentes.org\/"},{"@type":"ListItem","position":2,"name":"\u00bfQu\u00e9 es Concomitentes?"}]},{"@type":"WebSite","@id":"https:\/\/concomitentes.org\/en\/#website","url":"https:\/\/concomitentes.org\/en\/","name":"Concomitentes","description":"Concomitentes promotes the creation of works of art and mediates between the civil society that commissions them and the artists who produce them.","potentialAction":[{"@type":"SearchAction","target":{"@type":"EntryPoint","urlTemplate":"https:\/\/concomitentes.org\/en\/?s={search_term_string}"},"query-input":{"@type":"PropertyValueSpecification","valueRequired":true,"valueName":"search_term_string"}}],"inLanguage":"en-GB"}]}},"_links":{"self":[{"href":"https:\/\/concomitentes.org\/en\/wp-json\/wp\/v2\/pages\/119","targetHints":{"allow":["GET"]}}],"collection":[{"href":"https:\/\/concomitentes.org\/en\/wp-json\/wp\/v2\/pages"}],"about":[{"href":"https:\/\/concomitentes.org\/en\/wp-json\/wp\/v2\/types\/page"}],"author":[{"embeddable":true,"href":"https:\/\/concomitentes.org\/en\/wp-json\/wp\/v2\/users\/1"}],"replies":[{"embeddable":true,"href":"https:\/\/concomitentes.org\/en\/wp-json\/wp\/v2\/comments?post=119"}],"version-history":[{"count":51,"href":"https:\/\/concomitentes.org\/en\/wp-json\/wp\/v2\/pages\/119\/revisions"}],"predecessor-version":[{"id":3635,"href":"https:\/\/concomitentes.org\/en\/wp-json\/wp\/v2\/pages\/119\/revisions\/3635"}],"wp:attachment":[{"href":"https:\/\/concomitentes.org\/en\/wp-json\/wp\/v2\/media?parent=119"}],"curies":[{"name":"wp","href":"https:\/\/api.w.org\/{rel}","templated":true}]}}